{"id":45047,"date":"2024-03-05T19:18:46","date_gmt":"2024-03-05T18:18:46","guid":{"rendered":"https:\/\/chrislet.de\/hochzeitsfotograf\/tipps-copy\/"},"modified":"2024-10-27T07:29:22","modified_gmt":"2024-10-27T06:29:22","slug":"orte","status":"publish","type":"page","link":"https:\/\/chrislet.de\/hochzeitsfotograf\/orte\/","title":{"rendered":"Orte"},"content":{"rendered":"\t\t<div data-elementor-type=\"wp-page\" data-elementor-id=\"45047\" class=\"elementor elementor-45047\" data-elementor-post-type=\"page\">\n\t\t\t\t<div class=\"elementor-element elementor-element-529f85d e-flex e-con-boxed e-con e-parent\" data-id=\"529f85d\" data-element_type=\"container\">\n\t\t\t\t\t<div class=\"e-con-inner\">\n\t\t\t\t<div class=\"elementor-element elementor-element-3394b6e elementor-widget-divider--view-line_text elementor-widget-divider--element-align-left elementor-widget-tablet__width-inherit elementor-widget__width-inherit elementor-widget elementor-widget-divider\" data-id=\"3394b6e\" data-element_type=\"widget\" data-widget_type=\"divider.default\">\n\t\t\t\t<div class=\"elementor-widget-container\">\n\t\t\t\t\t\t\t<div class=\"elementor-divider\">\n\t\t\t<span class=\"elementor-divider-separator\">\n\t\t\t\t\t\t\t<h1 class=\"elementor-divider__text elementor-divider__element\">\n\t\t\t\tHier bin ich  als <b>Hochzeitsfotograf<\/b> T\u00e4tig\t\t\t\t<\/h1>\n\t\t\t\t\t\t<\/span>\n\t\t<\/div>\n\t\t\t\t\t\t<\/div>\n\t\t\t\t<\/div>\n\t\t\t\t<div class=\"elementor-element elementor-element-90b51c0 elementor-widget elementor-widget-text-editor\" data-id=\"90b51c0\" data-element_type=\"widget\" data-widget_type=\"text-editor.default\">\n\t\t\t\t<div class=\"elementor-widget-container\">\n\t\t\t\t\t\t\t\t\t<p>Als leidenschaftlicher Hochzeitsfotograf f\u00fchle ich mich in meiner Heimat im Gro\u00dfraum Bodensee genauso wohl wie zwischen Z\u00fcrich und Stuttgart. Es ist mir eine Freude, euren besonderen Tag festzuhalten und mit meiner Kamera die kostbaren Momente einzufangen.<\/p><p>Dar\u00fcber hinaus stehe ich euch auch gerne f\u00fcr eure Hochzeit an anderen Orten in ganz Europa zur Verf\u00fcgung. Egal, ob in malerischen Landschaften, historischen St\u00e4dten oder exotischen Destinationen am Meer &#8211; ich bin bereit, eure Liebe auf Bildern festzuhalten, wo auch immer ihr euch das Jawort gebt.<\/p><p>Lasst uns zusammen die Magie eures gro\u00dfen Tages einfangen und unvergessliche Erinnerungen schaffen.<\/p><p>\u00a0<\/p><p>Hier findet ihr meine beliebtesten <strong><a title=\"Hochzeitslocations Bodensee\" href=\"https:\/\/chrislet.de\/hochzeitsfotograf\/hochzeitslocation-bodensee\/\">Hochzeitslocations am Bodensee<\/a><\/strong>.<\/p>\t\t\t\t\t\t\t\t<\/div>\n\t\t\t\t<\/div>\n\t\t\t\t<div class=\"elementor-element elementor-element-bd9b8c0 elementor-widget-divider--view-line_text elementor-widget-divider--element-align-left elementor-widget-tablet__width-inherit elementor-widget__width-inherit elementor-widget elementor-widget-divider\" data-id=\"bd9b8c0\" data-element_type=\"widget\" data-widget_type=\"divider.default\">\n\t\t\t\t<div class=\"elementor-widget-container\">\n\t\t\t\t\t\t\t<div class=\"elementor-divider\">\n\t\t\t<span class=\"elementor-divider-separator\">\n\t\t\t\t\t\t\t<h2 class=\"elementor-divider__text elementor-divider__element\">\n\t\t\t\tHochzeitslocations <b>Bodensee<\/b> Deutschland \ud83c\udde9\ud83c\uddea\t\t\t\t<\/h2>\n\t\t\t\t\t\t<\/span>\n\t\t<\/div>\n\t\t\t\t\t\t<\/div>\n\t\t\t\t<\/div>\n\t\t\t\t<div class=\"elementor-element elementor-element-c54f85b elementor-grid-5 elementor-posts--align-center elementor-widget-tablet__width-inherit elementor-widget__width-inherit elementor-grid-tablet-2 elementor-grid-mobile-1 elementor-posts--thumbnail-top elementor-widget elementor-widget-posts\" data-id=\"c54f85b\" data-element_type=\"widget\" data-settings=\"{&quot;classic_columns&quot;:&quot;5&quot;,&quot;classic_row_gap&quot;:{&quot;unit&quot;:&quot;px&quot;,&quot;size&quot;:30,&quot;sizes&quot;:[]},&quot;classic_columns_tablet&quot;:&quot;2&quot;,&quot;classic_columns_mobile&quot;:&quot;1&quot;,&quot;classic_row_gap_tablet&quot;:{&quot;unit&quot;:&quot;px&quot;,&quot;size&quot;:&quot;&quot;,&quot;sizes&quot;:[]},&quot;classic_row_gap_mobile&quot;:{&quot;unit&quot;:&quot;px&quot;,&quot;size&quot;:&quot;&quot;,&quot;sizes&quot;:[]}}\" data-widget_type=\"posts.classic\">\n\t\t\t\t<div class=\"elementor-widget-container\">\n\t\t\t\t\t\t\t<div class=\"elementor-posts-container elementor-posts elementor-posts--skin-classic elementor-grid\" role=\"list\">\n\t\t\t\t<article class=\"elementor-post elementor-grid-item post-48578 post type-post status-publish format-standard has-post-thumbnail hentry category-archiv category-hochzeitslocation-deutschland category-reportagen tag-freie-trauung tag-hochzeit-auf-dem-weingut tag-regen tag-scheunenhochzeit\" role=\"listitem\">\n\t\t\t\t<a class=\"elementor-post__thumbnail__link\" href=\"https:\/\/chrislet.de\/hochzeitsfotograf\/trotte-gailingen-hochzeit\/\" tabindex=\"-1\" >\n\t\t\t<div class=\"elementor-post__thumbnail\"><img fetchpriority=\"high\" decoding=\"async\" width=\"407\" height=\"271\" src=\"https:\/\/chrislet.de\/hochzeitsfotograf\/wp-content\/smush-webp\/trotte_gailingen_Hochzeitsfotograf-2474-240706-407x271.jpg.webp\" class=\"attachment-thumbnail size-thumbnail wp-image-48641\" alt=\"trotte gailingen Hochzeitsfotograf\" title=\"\" srcset=\"https:\/\/chrislet.de\/hochzeitsfotograf\/wp-content\/smush-webp\/trotte_gailingen_Hochzeitsfotograf-2474-240706-407x271.jpg.webp 407w, https:\/\/chrislet.de\/hochzeitsfotograf\/wp-content\/smush-webp\/trotte_gailingen_Hochzeitsfotograf-2474-240706-500x333.jpg.webp 500w, https:\/\/chrislet.de\/hochzeitsfotograf\/wp-content\/smush-webp\/trotte_gailingen_Hochzeitsfotograf-2474-240706-768x512.jpg.webp 768w, https:\/\/chrislet.de\/hochzeitsfotograf\/wp-content\/smush-webp\/trotte_gailingen_Hochzeitsfotograf-2474-240706-1536x1024.jpg.webp 1536w, https:\/\/chrislet.de\/hochzeitsfotograf\/wp-content\/smush-webp\/trotte_gailingen_Hochzeitsfotograf-2474-240706-2048x1366.jpg.webp 2048w\" sizes=\"(max-width: 407px) 100vw, 407px\" \/><\/div>\n\t\t<\/a>\n\t\t\t\t<div class=\"elementor-post__text\">\n\t\t\t\t<h3 class=\"elementor-post__title\">\n\t\t\t<a href=\"https:\/\/chrislet.de\/hochzeitsfotograf\/trotte-gailingen-hochzeit\/\" >\n\t\t\t\tHochzeit auf Schloss Rheinburg Trotte Gailingen\t\t\t<\/a>\n\t\t<\/h3>\n\t\t\t\t<\/div>\n\t\t\t\t<\/article>\n\t\t\t\t<article class=\"elementor-post elementor-grid-item post-48537 post type-post status-publish format-standard has-post-thumbnail hentry category-archiv category-hochzeitslocation-deutschland category-reportagen tag-bodensee tag-regen tag-standesamtliche-trauung\" role=\"listitem\">\n\t\t\t\t<a class=\"elementor-post__thumbnail__link\" href=\"https:\/\/chrislet.de\/hochzeitsfotograf\/hochzeit-ufer39-wallhausen\/\" tabindex=\"-1\" >\n\t\t\t<div class=\"elementor-post__thumbnail\"><img decoding=\"async\" width=\"407\" height=\"271\" src=\"https:\/\/chrislet.de\/hochzeitsfotograf\/wp-content\/smush-webp\/Hochzeit_Ufer-39_Konstanz-_Wallhausen-1372-240622-407x271.jpg.webp\" class=\"attachment-thumbnail size-thumbnail wp-image-48235\" alt=\"Hochzeit Ufer Konstanz Wallhausen\" title=\"\" srcset=\"https:\/\/chrislet.de\/hochzeitsfotograf\/wp-content\/smush-webp\/Hochzeit_Ufer-39_Konstanz-_Wallhausen-1372-240622-407x271.jpg.webp 407w, https:\/\/chrislet.de\/hochzeitsfotograf\/wp-content\/smush-webp\/Hochzeit_Ufer-39_Konstanz-_Wallhausen-1372-240622-500x333.jpg.webp 500w, https:\/\/chrislet.de\/hochzeitsfotograf\/wp-content\/smush-webp\/Hochzeit_Ufer-39_Konstanz-_Wallhausen-1372-240622-768x512.jpg.webp 768w, https:\/\/chrislet.de\/hochzeitsfotograf\/wp-content\/smush-webp\/Hochzeit_Ufer-39_Konstanz-_Wallhausen-1372-240622-1536x1024.jpg.webp 1536w, https:\/\/chrislet.de\/hochzeitsfotograf\/wp-content\/smush-webp\/Hochzeit_Ufer-39_Konstanz-_Wallhausen-1372-240622-2048x1366.jpg.webp 2048w\" sizes=\"(max-width: 407px) 100vw, 407px\" loading=\"lazy\" \/><\/div>\n\t\t<\/a>\n\t\t\t\t<div class=\"elementor-post__text\">\n\t\t\t\t<h3 class=\"elementor-post__title\">\n\t\t\t<a href=\"https:\/\/chrislet.de\/hochzeitsfotograf\/hochzeit-ufer39-wallhausen\/\" >\n\t\t\t\tHochzeit im Ufer39 in Wallhausen-Konstanz\t\t\t<\/a>\n\t\t<\/h3>\n\t\t\t\t<\/div>\n\t\t\t\t<\/article>\n\t\t\t\t<article class=\"elementor-post elementor-grid-item post-46732 post type-post status-publish format-standard has-post-thumbnail hentry category-archiv category-hochzeitslocation-deutschland category-hochzeitslocations-ch\" role=\"listitem\">\n\t\t\t\t<a class=\"elementor-post__thumbnail__link\" href=\"https:\/\/chrislet.de\/hochzeitsfotograf\/hochzeitslocation-bodensee\/\" tabindex=\"-1\" >\n\t\t\t<div class=\"elementor-post__thumbnail\"><img decoding=\"async\" width=\"407\" height=\"271\" src=\"https:\/\/chrislet.de\/hochzeitsfotograf\/wp-content\/uploads\/2020\/05\/Hochzeitsfotograf_Bodensee-0252.jpg\" class=\"attachment-thumbnail size-thumbnail wp-image-39188\" alt=\"\" title=\"\" srcset=\"https:\/\/chrislet.de\/hochzeitsfotograf\/wp-content\/uploads\/2020\/05\/Hochzeitsfotograf_Bodensee-0252.jpg 1350w, https:\/\/chrislet.de\/hochzeitsfotograf\/wp-content\/uploads\/2020\/05\/Hochzeitsfotograf_Bodensee-0252-768x512.jpg 768w, https:\/\/chrislet.de\/hochzeitsfotograf\/wp-content\/uploads\/2020\/05\/Hochzeitsfotograf_Bodensee-0252-1536x1024.jpg 1536w\" sizes=\"(max-width: 407px) 100vw, 407px\" loading=\"lazy\" \/><\/div>\n\t\t<\/a>\n\t\t\t\t<div class=\"elementor-post__text\">\n\t\t\t\t<h3 class=\"elementor-post__title\">\n\t\t\t<a href=\"https:\/\/chrislet.de\/hochzeitsfotograf\/hochzeitslocation-bodensee\/\" >\n\t\t\t\tHochzeitslocation Bodensee: Die sch\u00f6nsten Orte f\u00fcr eurer Fest\t\t\t<\/a>\n\t\t<\/h3>\n\t\t\t\t<\/div>\n\t\t\t\t<\/article>\n\t\t\t\t<article class=\"elementor-post elementor-grid-item post-44579 post type-post status-publish format-standard has-post-thumbnail hentry category-hochzeitslocation-deutschland category-reportagen tag-bodensee tag-kirchliche-trauung\" role=\"listitem\">\n\t\t\t\t<a class=\"elementor-post__thumbnail__link\" href=\"https:\/\/chrislet.de\/hochzeitsfotograf\/bodman-ludwigshafen\/\" tabindex=\"-1\" >\n\t\t\t<div class=\"elementor-post__thumbnail\"><img loading=\"lazy\" decoding=\"async\" width=\"300\" height=\"200\" src=\"https:\/\/chrislet.de\/hochzeitsfotograf\/wp-content\/smush-webp\/Hochzeitsfotograf-Bodman-Ludwigshafen-30-1021-300x200.jpg.webp\" class=\"attachment-thumbnail size-thumbnail wp-image-44558\" alt=\"Hochzeitsfotograf Bodman Ludwigshafen\" title=\"\" srcset=\"https:\/\/chrislet.de\/hochzeitsfotograf\/wp-content\/smush-webp\/Hochzeitsfotograf-Bodman-Ludwigshafen-30-1021-300x200.jpg.webp 300w, https:\/\/chrislet.de\/hochzeitsfotograf\/wp-content\/smush-webp\/Hochzeitsfotograf-Bodman-Ludwigshafen-30-1021-500x334.jpg.webp 500w, https:\/\/chrislet.de\/hochzeitsfotograf\/wp-content\/smush-webp\/Hochzeitsfotograf-Bodman-Ludwigshafen-30-1021-1349x900.jpg.webp 1349w, https:\/\/chrislet.de\/hochzeitsfotograf\/wp-content\/smush-webp\/Hochzeitsfotograf-Bodman-Ludwigshafen-30-1021-768x512.jpg.webp 768w, https:\/\/chrislet.de\/hochzeitsfotograf\/wp-content\/smush-webp\/Hochzeitsfotograf-Bodman-Ludwigshafen-30-1021.jpg.webp 1499w\" sizes=\"(max-width: 300px) 100vw, 300px\" \/><\/div>\n\t\t<\/a>\n\t\t\t\t<div class=\"elementor-post__text\">\n\t\t\t\t<h3 class=\"elementor-post__title\">\n\t\t\t<a href=\"https:\/\/chrislet.de\/hochzeitsfotograf\/bodman-ludwigshafen\/\" >\n\t\t\t\tHochzeit in Bodman-Ludwigshafen\t\t\t<\/a>\n\t\t<\/h3>\n\t\t\t\t<\/div>\n\t\t\t\t<\/article>\n\t\t\t\t<article class=\"elementor-post elementor-grid-item post-48487 post type-post status-publish format-standard has-post-thumbnail hentry category-hochzeitslocation-deutschland category-reportagen tag-standesamtliche-trauung\" role=\"listitem\">\n\t\t\t\t<a class=\"elementor-post__thumbnail__link\" href=\"https:\/\/chrislet.de\/hochzeitsfotograf\/hochzeit-standesamt-konstanz\/\" tabindex=\"-1\" >\n\t\t\t<div class=\"elementor-post__thumbnail\"><img loading=\"lazy\" decoding=\"async\" width=\"407\" height=\"271\" src=\"https:\/\/chrislet.de\/hochzeitsfotograf\/wp-content\/smush-webp\/standesamt-konstanz-heiraten-0009-170421-407x271.jpg.webp\" class=\"attachment-thumbnail size-thumbnail wp-image-48598\" alt=\"standesamt konstanz heiraten\" title=\"\" srcset=\"https:\/\/chrislet.de\/hochzeitsfotograf\/wp-content\/smush-webp\/standesamt-konstanz-heiraten-0009-170421-407x271.jpg.webp 407w, https:\/\/chrislet.de\/hochzeitsfotograf\/wp-content\/smush-webp\/standesamt-konstanz-heiraten-0009-170421-500x333.jpg.webp 500w, https:\/\/chrislet.de\/hochzeitsfotograf\/wp-content\/smush-webp\/standesamt-konstanz-heiraten-0009-170421-768x512.jpg.webp 768w, https:\/\/chrislet.de\/hochzeitsfotograf\/wp-content\/smush-webp\/standesamt-konstanz-heiraten-0009-170421-1536x1024.jpg.webp 1536w, https:\/\/chrislet.de\/hochzeitsfotograf\/wp-content\/smush-webp\/standesamt-konstanz-heiraten-0009-170421-2048x1365.jpg.webp 2048w\" sizes=\"(max-width: 407px) 100vw, 407px\" \/><\/div>\n\t\t<\/a>\n\t\t\t\t<div class=\"elementor-post__text\">\n\t\t\t\t<h3 class=\"elementor-post__title\">\n\t\t\t<a href=\"https:\/\/chrislet.de\/hochzeitsfotograf\/hochzeit-standesamt-konstanz\/\" >\n\t\t\t\tEine Sommer-Hochzeit im Standesamt Konstanz\t\t\t<\/a>\n\t\t<\/h3>\n\t\t\t\t<\/div>\n\t\t\t\t<\/article>\n\t\t\t\t<article class=\"elementor-post elementor-grid-item post-49243 post type-post status-publish format-standard has-post-thumbnail hentry category-hochzeitslocation-deutschland category-reportagen tag-bodensee tag-herbst-hochzeit tag-standesamtliche-trauung\" role=\"listitem\">\n\t\t\t\t<a class=\"elementor-post__thumbnail__link\" href=\"https:\/\/chrislet.de\/hochzeitsfotograf\/hochzeit-zollhaus-ludwigshafen\/\" tabindex=\"-1\" >\n\t\t\t<div class=\"elementor-post__thumbnail\"><img loading=\"lazy\" decoding=\"async\" width=\"407\" height=\"271\" src=\"https:\/\/chrislet.de\/hochzeitsfotograf\/wp-content\/smush-webp\/Hochzeitsfotograf-Zollhaus-Ludwigshafen-0355-191011-407x271.jpg.webp\" class=\"attachment-thumbnail size-thumbnail wp-image-49274\" alt=\"\" title=\"\" srcset=\"https:\/\/chrislet.de\/hochzeitsfotograf\/wp-content\/smush-webp\/Hochzeitsfotograf-Zollhaus-Ludwigshafen-0355-191011-407x271.jpg.webp 407w, https:\/\/chrislet.de\/hochzeitsfotograf\/wp-content\/smush-webp\/Hochzeitsfotograf-Zollhaus-Ludwigshafen-0355-191011-500x333.jpg.webp 500w, https:\/\/chrislet.de\/hochzeitsfotograf\/wp-content\/smush-webp\/Hochzeitsfotograf-Zollhaus-Ludwigshafen-0355-191011-768x512.jpg.webp 768w, https:\/\/chrislet.de\/hochzeitsfotograf\/wp-content\/smush-webp\/Hochzeitsfotograf-Zollhaus-Ludwigshafen-0355-191011-1536x1024.jpg.webp 1536w, https:\/\/chrislet.de\/hochzeitsfotograf\/wp-content\/smush-webp\/Hochzeitsfotograf-Zollhaus-Ludwigshafen-0355-191011-2048x1365.jpg.webp 2048w\" sizes=\"(max-width: 407px) 100vw, 407px\" \/><\/div>\n\t\t<\/a>\n\t\t\t\t<div class=\"elementor-post__text\">\n\t\t\t\t<h3 class=\"elementor-post__title\">\n\t\t\t<a href=\"https:\/\/chrislet.de\/hochzeitsfotograf\/hochzeit-zollhaus-ludwigshafen\/\" >\n\t\t\t\tHochzeit am Zollhaus Ludwigshafen\t\t\t<\/a>\n\t\t<\/h3>\n\t\t\t\t<\/div>\n\t\t\t\t<\/article>\n\t\t\t\t<article class=\"elementor-post elementor-grid-item post-46557 post type-post status-publish format-standard has-post-thumbnail hentry category-archiv category-hochzeitslocation-deutschland category-reportagen tag-bodensee tag-freie-trauung tag-schifffahrt\" role=\"listitem\">\n\t\t\t\t<a class=\"elementor-post__thumbnail__link\" href=\"https:\/\/chrislet.de\/hochzeitsfotograf\/konstanz-hotel-riva\/\" tabindex=\"-1\" >\n\t\t\t<div class=\"elementor-post__thumbnail\"><img loading=\"lazy\" decoding=\"async\" width=\"407\" height=\"271\" src=\"https:\/\/chrislet.de\/hochzeitsfotograf\/wp-content\/uploads\/2017\/12\/Hochzeitsfotograf-Riva-Konstanz-044-1325.jpg\" class=\"attachment-thumbnail size-thumbnail wp-image-36561\" alt=\"\" title=\"\" srcset=\"https:\/\/chrislet.de\/hochzeitsfotograf\/wp-content\/uploads\/2017\/12\/Hochzeitsfotograf-Riva-Konstanz-044-1325.jpg 1350w, https:\/\/chrislet.de\/hochzeitsfotograf\/wp-content\/uploads\/2017\/12\/Hochzeitsfotograf-Riva-Konstanz-044-1325-768x512.jpg 768w, https:\/\/chrislet.de\/hochzeitsfotograf\/wp-content\/smush-webp\/2017\/12\/Hochzeitsfotograf-Riva-Konstanz-044-1325-1200x800.jpg.webp 1200w, https:\/\/chrislet.de\/hochzeitsfotograf\/wp-content\/smush-webp\/2017\/12\/Hochzeitsfotograf-Riva-Konstanz-044-1325-500x333.jpg.webp 500w\" sizes=\"(max-width: 407px) 100vw, 407px\" \/><\/div>\n\t\t<\/a>\n\t\t\t\t<div class=\"elementor-post__text\">\n\t\t\t\t<h3 class=\"elementor-post__title\">\n\t\t\t<a href=\"https:\/\/chrislet.de\/hochzeitsfotograf\/konstanz-hotel-riva\/\" >\n\t\t\t\tHochzeit im Hotel Riva in Konstanz\t\t\t<\/a>\n\t\t<\/h3>\n\t\t\t\t<\/div>\n\t\t\t\t<\/article>\n\t\t\t\t<article class=\"elementor-post elementor-grid-item post-35102 post type-post status-publish format-standard has-post-thumbnail hentry category-reportagen category-archiv category-hochzeitslocation-deutschland\" role=\"listitem\">\n\t\t\t\t<a class=\"elementor-post__thumbnail__link\" href=\"https:\/\/chrislet.de\/hochzeitsfotograf\/hochzeit-im-schloss-meersburg\/\" tabindex=\"-1\" >\n\t\t\t<div class=\"elementor-post__thumbnail\"><img loading=\"lazy\" decoding=\"async\" width=\"407\" height=\"271\" src=\"https:\/\/chrislet.de\/hochzeitsfotograf\/wp-content\/uploads\/2017\/01\/hochzeitsfotograf-schloss-meersburg-028-5100.jpg\" class=\"attachment-thumbnail size-thumbnail wp-image-35891\" alt=\"Hochzeitsfotograf-Schloss-Meersburg\" title=\"\" srcset=\"https:\/\/chrislet.de\/hochzeitsfotograf\/wp-content\/uploads\/2017\/01\/hochzeitsfotograf-schloss-meersburg-028-5100.jpg 1350w, https:\/\/chrislet.de\/hochzeitsfotograf\/wp-content\/smush-webp\/2017\/01\/hochzeitsfotograf-schloss-meersburg-028-5100-768x512.jpg.webp 768w\" sizes=\"(max-width: 407px) 100vw, 407px\" \/><\/div>\n\t\t<\/a>\n\t\t\t\t<div class=\"elementor-post__text\">\n\t\t\t\t<h3 class=\"elementor-post__title\">\n\t\t\t<a href=\"https:\/\/chrislet.de\/hochzeitsfotograf\/hochzeit-im-schloss-meersburg\/\" >\n\t\t\t\tHochzeit im Schloss Meersburg\t\t\t<\/a>\n\t\t<\/h3>\n\t\t\t\t<\/div>\n\t\t\t\t<\/article>\n\t\t\t\t<\/div>\n\t\t\n\t\t\t\t\t\t<\/div>\n\t\t\t\t<\/div>\n\t\t\t\t<div class=\"elementor-element elementor-element-27f6a0c elementor-widget-divider--view-line_text elementor-widget-divider--element-align-left elementor-widget-tablet__width-inherit elementor-widget__width-inherit elementor-widget elementor-widget-divider\" data-id=\"27f6a0c\" data-element_type=\"widget\" data-widget_type=\"divider.default\">\n\t\t\t\t<div class=\"elementor-widget-container\">\n\t\t\t\t\t\t\t<div class=\"elementor-divider\">\n\t\t\t<span class=\"elementor-divider-separator\">\n\t\t\t\t\t\t\t<h2 class=\"elementor-divider__text elementor-divider__element\">\n\t\t\t\tHochzeitslocations <b>Schweiz<\/b> \ud83c\udde8\ud83c\udded\t\t\t\t<\/h2>\n\t\t\t\t\t\t<\/span>\n\t\t<\/div>\n\t\t\t\t\t\t<\/div>\n\t\t\t\t<\/div>\n\t\t\t\t<div class=\"elementor-element elementor-element-7107d7c elementor-grid-5 elementor-posts--align-center elementor-widget-tablet__width-inherit elementor-widget__width-inherit elementor-grid-tablet-2 elementor-grid-mobile-1 elementor-posts--thumbnail-top elementor-widget elementor-widget-posts\" data-id=\"7107d7c\" data-element_type=\"widget\" data-settings=\"{&quot;classic_columns&quot;:&quot;5&quot;,&quot;classic_row_gap&quot;:{&quot;unit&quot;:&quot;px&quot;,&quot;size&quot;:30,&quot;sizes&quot;:[]},&quot;classic_columns_tablet&quot;:&quot;2&quot;,&quot;classic_columns_mobile&quot;:&quot;1&quot;,&quot;classic_row_gap_tablet&quot;:{&quot;unit&quot;:&quot;px&quot;,&quot;size&quot;:&quot;&quot;,&quot;sizes&quot;:[]},&quot;classic_row_gap_mobile&quot;:{&quot;unit&quot;:&quot;px&quot;,&quot;size&quot;:&quot;&quot;,&quot;sizes&quot;:[]}}\" data-widget_type=\"posts.classic\">\n\t\t\t\t<div class=\"elementor-widget-container\">\n\t\t\t\t\t\t\t<div class=\"elementor-posts-container elementor-posts elementor-posts--skin-classic elementor-grid\" role=\"list\">\n\t\t\t\t<article class=\"elementor-post elementor-grid-item post-46732 post type-post status-publish format-standard has-post-thumbnail hentry category-archiv category-hochzeitslocation-deutschland category-hochzeitslocations-ch\" role=\"listitem\">\n\t\t\t\t<a class=\"elementor-post__thumbnail__link\" href=\"https:\/\/chrislet.de\/hochzeitsfotograf\/hochzeitslocation-bodensee\/\" tabindex=\"-1\" >\n\t\t\t<div class=\"elementor-post__thumbnail\"><img decoding=\"async\" width=\"407\" height=\"271\" src=\"https:\/\/chrislet.de\/hochzeitsfotograf\/wp-content\/uploads\/2020\/05\/Hochzeitsfotograf_Bodensee-0252.jpg\" class=\"attachment-thumbnail size-thumbnail wp-image-39188\" alt=\"\" title=\"\" srcset=\"https:\/\/chrislet.de\/hochzeitsfotograf\/wp-content\/uploads\/2020\/05\/Hochzeitsfotograf_Bodensee-0252.jpg 1350w, https:\/\/chrislet.de\/hochzeitsfotograf\/wp-content\/uploads\/2020\/05\/Hochzeitsfotograf_Bodensee-0252-768x512.jpg 768w, https:\/\/chrislet.de\/hochzeitsfotograf\/wp-content\/uploads\/2020\/05\/Hochzeitsfotograf_Bodensee-0252-1536x1024.jpg 1536w\" sizes=\"(max-width: 407px) 100vw, 407px\" loading=\"lazy\" \/><\/div>\n\t\t<\/a>\n\t\t\t\t<div class=\"elementor-post__text\">\n\t\t\t\t<h3 class=\"elementor-post__title\">\n\t\t\t<a href=\"https:\/\/chrislet.de\/hochzeitsfotograf\/hochzeitslocation-bodensee\/\" >\n\t\t\t\tHochzeitslocation Bodensee: Die sch\u00f6nsten Orte f\u00fcr eurer Fest\t\t\t<\/a>\n\t\t<\/h3>\n\t\t\t\t<\/div>\n\t\t\t\t<\/article>\n\t\t\t\t<article class=\"elementor-post elementor-grid-item post-46329 post type-post status-publish format-standard has-post-thumbnail hentry category-hochzeitslocations-ch category-reportagen tag-freie-trauung tag-hochzeit-in-der-villa\" role=\"listitem\">\n\t\t\t\t<a class=\"elementor-post__thumbnail__link\" href=\"https:\/\/chrislet.de\/hochzeitsfotograf\/st-charles-hall-meggen-luzern\/\" tabindex=\"-1\" >\n\t\t\t<div class=\"elementor-post__thumbnail\"><img loading=\"lazy\" decoding=\"async\" width=\"300\" height=\"200\" src=\"https:\/\/chrislet.de\/hochzeitsfotograf\/wp-content\/smush-webp\/Hochzeitsfotograf-St-Charles-Hall-220528-4-300x200.jpg.webp\" class=\"attachment-thumbnail size-thumbnail wp-image-46333\" alt=\"Hochzeitsfotograf St Charles Hall\" title=\"\" srcset=\"https:\/\/chrislet.de\/hochzeitsfotograf\/wp-content\/smush-webp\/Hochzeitsfotograf-St-Charles-Hall-220528-4-300x200.jpg.webp 300w, https:\/\/chrislet.de\/hochzeitsfotograf\/wp-content\/smush-webp\/Hochzeitsfotograf-St-Charles-Hall-220528-4-500x334.jpg.webp 500w, https:\/\/chrislet.de\/hochzeitsfotograf\/wp-content\/smush-webp\/Hochzeitsfotograf-St-Charles-Hall-220528-4-1349x900.jpg.webp 1349w, https:\/\/chrislet.de\/hochzeitsfotograf\/wp-content\/smush-webp\/Hochzeitsfotograf-St-Charles-Hall-220528-4-768x512.jpg.webp 768w, https:\/\/chrislet.de\/hochzeitsfotograf\/wp-content\/smush-webp\/Hochzeitsfotograf-St-Charles-Hall-220528-4-1536x1025.jpg.webp 1536w, https:\/\/chrislet.de\/hochzeitsfotograf\/wp-content\/smush-webp\/Hochzeitsfotograf-St-Charles-Hall-220528-4.jpg.webp 1949w\" sizes=\"(max-width: 300px) 100vw, 300px\" \/><\/div>\n\t\t<\/a>\n\t\t\t\t<div class=\"elementor-post__text\">\n\t\t\t\t<h3 class=\"elementor-post__title\">\n\t\t\t<a href=\"https:\/\/chrislet.de\/hochzeitsfotograf\/st-charles-hall-meggen-luzern\/\" >\n\t\t\t\tHochzeit auf der Villa St. Charles Hall\t\t\t<\/a>\n\t\t<\/h3>\n\t\t\t\t<\/div>\n\t\t\t\t<\/article>\n\t\t\t\t<article class=\"elementor-post elementor-grid-item post-45955 post type-post status-publish format-standard has-post-thumbnail hentry category-hochzeitslocations-ch category-reportagen tag-hochzeit-schlossern-burgen tag-kirchliche-trauung\" role=\"listitem\">\n\t\t\t\t<a class=\"elementor-post__thumbnail__link\" href=\"https:\/\/chrislet.de\/hochzeitsfotograf\/hochzeit-schloss-arenenberg-salenstein\/\" tabindex=\"-1\" >\n\t\t\t<div class=\"elementor-post__thumbnail\"><img loading=\"lazy\" decoding=\"async\" width=\"300\" height=\"200\" src=\"https:\/\/chrislet.de\/hochzeitsfotograf\/wp-content\/smush-webp\/Hochzeitsfotograf-Schloss-Arenenberg-Salenstein-475-230916-2-300x200.jpg.webp\" class=\"attachment-thumbnail size-thumbnail wp-image-46052\" alt=\"Hochzeitsfotograf Schloss Arenenberg Salenstein\" title=\"\" srcset=\"https:\/\/chrislet.de\/hochzeitsfotograf\/wp-content\/smush-webp\/Hochzeitsfotograf-Schloss-Arenenberg-Salenstein-475-230916-2-300x200.jpg.webp 300w, https:\/\/chrislet.de\/hochzeitsfotograf\/wp-content\/smush-webp\/Hochzeitsfotograf-Schloss-Arenenberg-Salenstein-475-230916-2-500x334.jpg.webp 500w, https:\/\/chrislet.de\/hochzeitsfotograf\/wp-content\/smush-webp\/Hochzeitsfotograf-Schloss-Arenenberg-Salenstein-475-230916-2-1349x900.jpg.webp 1349w, https:\/\/chrislet.de\/hochzeitsfotograf\/wp-content\/smush-webp\/Hochzeitsfotograf-Schloss-Arenenberg-Salenstein-475-230916-2-768x512.jpg.webp 768w, https:\/\/chrislet.de\/hochzeitsfotograf\/wp-content\/smush-webp\/Hochzeitsfotograf-Schloss-Arenenberg-Salenstein-475-230916-2-1536x1025.jpg.webp 1536w, https:\/\/chrislet.de\/hochzeitsfotograf\/wp-content\/smush-webp\/Hochzeitsfotograf-Schloss-Arenenberg-Salenstein-475-230916-2.jpg.webp 1949w\" sizes=\"(max-width: 300px) 100vw, 300px\" \/><\/div>\n\t\t<\/a>\n\t\t\t\t<div class=\"elementor-post__text\">\n\t\t\t\t<h3 class=\"elementor-post__title\">\n\t\t\t<a href=\"https:\/\/chrislet.de\/hochzeitsfotograf\/hochzeit-schloss-arenenberg-salenstein\/\" >\n\t\t\t\tHochzeit Schloss Arenenberg Salenstein\t\t\t<\/a>\n\t\t<\/h3>\n\t\t\t\t<\/div>\n\t\t\t\t<\/article>\n\t\t\t\t<article class=\"elementor-post elementor-grid-item post-45826 post type-post status-publish format-standard has-post-thumbnail hentry category-hochzeitslocations-ch category-reportagen tag-bodensee tag-freie-trauung tag-hochzeit-schlossern-burgen\" role=\"listitem\">\n\t\t\t\t<a class=\"elementor-post__thumbnail__link\" href=\"https:\/\/chrislet.de\/hochzeitsfotograf\/schloss-seeburg-kreuzlingen\/\" tabindex=\"-1\" >\n\t\t\t<div class=\"elementor-post__thumbnail\"><img loading=\"lazy\" decoding=\"async\" width=\"300\" height=\"200\" src=\"https:\/\/chrislet.de\/hochzeitsfotograf\/wp-content\/smush-webp\/hochzeitsfotograf-schloss-seeburg-kreuzlingen-27-300x200.jpg.webp\" class=\"attachment-thumbnail size-thumbnail wp-image-41573\" alt=\"\" title=\"\" srcset=\"https:\/\/chrislet.de\/hochzeitsfotograf\/wp-content\/smush-webp\/hochzeitsfotograf-schloss-seeburg-kreuzlingen-27-300x200.jpg.webp 300w, https:\/\/chrislet.de\/hochzeitsfotograf\/wp-content\/smush-webp\/hochzeitsfotograf-schloss-seeburg-kreuzlingen-27-500x334.jpg.webp 500w, https:\/\/chrislet.de\/hochzeitsfotograf\/wp-content\/smush-webp\/hochzeitsfotograf-schloss-seeburg-kreuzlingen-27-768x512.jpg.webp 768w, https:\/\/chrislet.de\/hochzeitsfotograf\/wp-content\/smush-webp\/hochzeitsfotograf-schloss-seeburg-kreuzlingen-27.jpg.webp 1349w\" sizes=\"(max-width: 300px) 100vw, 300px\" \/><\/div>\n\t\t<\/a>\n\t\t\t\t<div class=\"elementor-post__text\">\n\t\t\t\t<h3 class=\"elementor-post__title\">\n\t\t\t<a href=\"https:\/\/chrislet.de\/hochzeitsfotograf\/schloss-seeburg-kreuzlingen\/\" >\n\t\t\t\tHochzeit auf Schloss Seeburg in Kreuzlingen\t\t\t<\/a>\n\t\t<\/h3>\n\t\t\t\t<\/div>\n\t\t\t\t<\/article>\n\t\t\t\t<article class=\"elementor-post elementor-grid-item post-41641 post type-post status-publish format-standard has-post-thumbnail hentry category-hochzeitslocations-ch category-hochzeitsvideo tag-bodensee tag-freie-trauung tag-regen\" role=\"listitem\">\n\t\t\t\t<a class=\"elementor-post__thumbnail__link\" href=\"https:\/\/chrislet.de\/hochzeitsfotograf\/hochzeit-in-steckborn\/\" tabindex=\"-1\" >\n\t\t\t<div class=\"elementor-post__thumbnail\"><img loading=\"lazy\" decoding=\"async\" width=\"300\" height=\"200\" src=\"https:\/\/chrislet.de\/hochzeitsfotograf\/wp-content\/smush-webp\/hochzeitsfotograf-steckborn-1742-300x200.jpg.webp\" class=\"attachment-thumbnail size-thumbnail wp-image-41655\" alt=\"Hochzeitsfotograf Steckborn\" title=\"\" srcset=\"https:\/\/chrislet.de\/hochzeitsfotograf\/wp-content\/smush-webp\/hochzeitsfotograf-steckborn-1742-300x200.jpg.webp 300w, https:\/\/chrislet.de\/hochzeitsfotograf\/wp-content\/smush-webp\/hochzeitsfotograf-steckborn-1742-500x334.jpg.webp 500w, https:\/\/chrislet.de\/hochzeitsfotograf\/wp-content\/smush-webp\/hochzeitsfotograf-steckborn-1742-768x512.jpg.webp 768w, https:\/\/chrislet.de\/hochzeitsfotograf\/wp-content\/smush-webp\/hochzeitsfotograf-steckborn-1742.jpg.webp 1349w\" sizes=\"(max-width: 300px) 100vw, 300px\" \/><\/div>\n\t\t<\/a>\n\t\t\t\t<div class=\"elementor-post__text\">\n\t\t\t\t<h3 class=\"elementor-post__title\">\n\t\t\t<a href=\"https:\/\/chrislet.de\/hochzeitsfotograf\/hochzeit-in-steckborn\/\" >\n\t\t\t\tEine Hochzeit in Steckborn\t\t\t<\/a>\n\t\t<\/h3>\n\t\t\t\t<\/div>\n\t\t\t\t<\/article>\n\t\t\t\t<article class=\"elementor-post elementor-grid-item post-41516 post type-post status-publish format-standard has-post-thumbnail hentry category-hochzeitslocations-ch category-reportagen tag-boho-hochzeit tag-freie-trauung tag-stein-am-rhein\" role=\"listitem\">\n\t\t\t\t<a class=\"elementor-post__thumbnail__link\" href=\"https:\/\/chrislet.de\/hochzeitsfotograf\/gasthaus-schupfen-stein-am-rhein\/\" tabindex=\"-1\" >\n\t\t\t<div class=\"elementor-post__thumbnail\"><img loading=\"lazy\" decoding=\"async\" width=\"407\" height=\"271\" src=\"https:\/\/chrislet.de\/hochzeitsfotograf\/wp-content\/smush-webp\/2020\/02\/Hochzeitsfotograf_Stein_am_Rhein-063.jpg.webp\" class=\"attachment-thumbnail size-thumbnail wp-image-37097\" alt=\"Hochzeitsfotograf Stein am Rhein\" title=\"\" srcset=\"https:\/\/chrislet.de\/hochzeitsfotograf\/wp-content\/smush-webp\/2020\/02\/Hochzeitsfotograf_Stein_am_Rhein-063.jpg.webp 1350w, https:\/\/chrislet.de\/hochzeitsfotograf\/wp-content\/smush-webp\/2020\/02\/Hochzeitsfotograf_Stein_am_Rhein-063-768x512.jpg.webp 768w, https:\/\/chrislet.de\/hochzeitsfotograf\/wp-content\/smush-webp\/2020\/02\/Hochzeitsfotograf_Stein_am_Rhein-063-1536x1024.jpg.webp 1536w, https:\/\/chrislet.de\/hochzeitsfotograf\/wp-content\/smush-webp\/2020\/02\/Hochzeitsfotograf_Stein_am_Rhein-063-1200x800.jpg.webp 1200w, https:\/\/chrislet.de\/hochzeitsfotograf\/wp-content\/smush-webp\/2020\/02\/Hochzeitsfotograf_Stein_am_Rhein-063-500x333.jpg.webp 500w\" sizes=\"(max-width: 407px) 100vw, 407px\" \/><\/div>\n\t\t<\/a>\n\t\t\t\t<div class=\"elementor-post__text\">\n\t\t\t\t<h3 class=\"elementor-post__title\">\n\t\t\t<a href=\"https:\/\/chrislet.de\/hochzeitsfotograf\/gasthaus-schupfen-stein-am-rhein\/\" >\n\t\t\t\tHochzeit im Gasthaus Schupfen\t\t\t<\/a>\n\t\t<\/h3>\n\t\t\t\t<\/div>\n\t\t\t\t<\/article>\n\t\t\t\t<article class=\"elementor-post elementor-grid-item post-41522 post type-post status-publish format-standard has-post-thumbnail hentry category-hochzeitslocations-ch category-reportagen tag-standesamtliche-trauung tag-zuerichsee\" role=\"listitem\">\n\t\t\t\t<a class=\"elementor-post__thumbnail__link\" href=\"https:\/\/chrislet.de\/hochzeitsfotograf\/hochzeitsfotos-rueschlikon\/\" tabindex=\"-1\" >\n\t\t\t<div class=\"elementor-post__thumbnail\"><img loading=\"lazy\" decoding=\"async\" width=\"407\" height=\"271\" src=\"https:\/\/chrislet.de\/hochzeitsfotograf\/wp-content\/uploads\/2020\/03\/Hochzeitsfotograf_Hotel_Belvoir_Rueschlikon-1164.jpg\" class=\"attachment-thumbnail size-thumbnail wp-image-37162\" alt=\"\" title=\"\" srcset=\"https:\/\/chrislet.de\/hochzeitsfotograf\/wp-content\/uploads\/2020\/03\/Hochzeitsfotograf_Hotel_Belvoir_Rueschlikon-1164.jpg 1350w, https:\/\/chrislet.de\/hochzeitsfotograf\/wp-content\/uploads\/2020\/03\/Hochzeitsfotograf_Hotel_Belvoir_Rueschlikon-1164-768x512.jpg 768w, https:\/\/chrislet.de\/hochzeitsfotograf\/wp-content\/uploads\/2020\/03\/Hochzeitsfotograf_Hotel_Belvoir_Rueschlikon-1164-1200x800.jpg 1200w, https:\/\/chrislet.de\/hochzeitsfotograf\/wp-content\/uploads\/2020\/03\/Hochzeitsfotograf_Hotel_Belvoir_Rueschlikon-1164-500x333.jpg 500w\" sizes=\"(max-width: 407px) 100vw, 407px\" \/><\/div>\n\t\t<\/a>\n\t\t\t\t<div class=\"elementor-post__text\">\n\t\t\t\t<h3 class=\"elementor-post__title\">\n\t\t\t<a href=\"https:\/\/chrislet.de\/hochzeitsfotograf\/hochzeitsfotos-rueschlikon\/\" >\n\t\t\t\tHochzeit in R\u00fcschlikon\t\t\t<\/a>\n\t\t<\/h3>\n\t\t\t\t<\/div>\n\t\t\t\t<\/article>\n\t\t\t\t<article class=\"elementor-post elementor-grid-item post-49494 post type-post status-publish format-standard has-post-thumbnail hentry category-archiv category-hochzeitslocations-ch category-reportagen tag-kirchliche-trauung\" role=\"listitem\">\n\t\t\t\t<a class=\"elementor-post__thumbnail__link\" href=\"https:\/\/chrislet.de\/hochzeitsfotograf\/hochzeitsfotograf-kartause-ittigen\/\" tabindex=\"-1\" >\n\t\t\t<div class=\"elementor-post__thumbnail\"><img loading=\"lazy\" decoding=\"async\" width=\"407\" height=\"271\" src=\"https:\/\/chrislet.de\/hochzeitsfotograf\/wp-content\/uploads\/2017\/12\/Hochzeitsfotograf-Kartause-Ittingen-079-1545.jpg\" class=\"attachment-thumbnail size-thumbnail wp-image-36383\" alt=\"\" title=\"\" srcset=\"https:\/\/chrislet.de\/hochzeitsfotograf\/wp-content\/uploads\/2017\/12\/Hochzeitsfotograf-Kartause-Ittingen-079-1545.jpg 1350w, https:\/\/chrislet.de\/hochzeitsfotograf\/wp-content\/uploads\/2017\/12\/Hochzeitsfotograf-Kartause-Ittingen-079-1545-768x512.jpg 768w, https:\/\/chrislet.de\/hochzeitsfotograf\/wp-content\/smush-webp\/2017\/12\/Hochzeitsfotograf-Kartause-Ittingen-079-1545-1200x800.jpg.webp 1200w, https:\/\/chrislet.de\/hochzeitsfotograf\/wp-content\/smush-webp\/2017\/12\/Hochzeitsfotograf-Kartause-Ittingen-079-1545-500x333.jpg.webp 500w\" sizes=\"(max-width: 407px) 100vw, 407px\" \/><\/div>\n\t\t<\/a>\n\t\t\t\t<div class=\"elementor-post__text\">\n\t\t\t\t<h3 class=\"elementor-post__title\">\n\t\t\t<a href=\"https:\/\/chrislet.de\/hochzeitsfotograf\/hochzeitsfotograf-kartause-ittigen\/\" >\n\t\t\t\tHochzeit in der Kartause Ittigen\t\t\t<\/a>\n\t\t<\/h3>\n\t\t\t\t<\/div>\n\t\t\t\t<\/article>\n\t\t\t\t<article class=\"elementor-post elementor-grid-item post-36052 post type-post status-publish format-standard has-post-thumbnail hentry category-reportagen category-hochzeitslocations-ch\" role=\"listitem\">\n\t\t\t\t<a class=\"elementor-post__thumbnail__link\" href=\"https:\/\/chrislet.de\/hochzeitsfotograf\/hochzeit-im-schloss-wartensee-rorschacherberg\/\" tabindex=\"-1\" >\n\t\t\t<div class=\"elementor-post__thumbnail\"><img loading=\"lazy\" decoding=\"async\" width=\"407\" height=\"271\" src=\"https:\/\/chrislet.de\/hochzeitsfotograf\/wp-content\/uploads\/2017\/01\/hochzeitsfotograf-schloss-schloss-wartensee-032-4069.jpg\" class=\"attachment-thumbnail size-thumbnail wp-image-36027\" alt=\"Hochzeitsfotograf-Schloss-Schloss Wartensee\" title=\"\" srcset=\"https:\/\/chrislet.de\/hochzeitsfotograf\/wp-content\/uploads\/2017\/01\/hochzeitsfotograf-schloss-schloss-wartensee-032-4069.jpg 1350w, https:\/\/chrislet.de\/hochzeitsfotograf\/wp-content\/uploads\/2017\/01\/hochzeitsfotograf-schloss-schloss-wartensee-032-4069-768x512.jpg 768w\" sizes=\"(max-width: 407px) 100vw, 407px\" \/><\/div>\n\t\t<\/a>\n\t\t\t\t<div class=\"elementor-post__text\">\n\t\t\t\t<h3 class=\"elementor-post__title\">\n\t\t\t<a href=\"https:\/\/chrislet.de\/hochzeitsfotograf\/hochzeit-im-schloss-wartensee-rorschacherberg\/\" >\n\t\t\t\tHochzeit im Schloss Wartensee am Rorschacherberg\t\t\t<\/a>\n\t\t<\/h3>\n\t\t\t\t<\/div>\n\t\t\t\t<\/article>\n\t\t\t\t<\/div>\n\t\t\n\t\t\t\t\t\t<\/div>\n\t\t\t\t<\/div>\n\t\t\t\t<div class=\"elementor-element elementor-element-bf56f58 elementor-widget-divider--view-line_text elementor-widget-divider--element-align-left elementor-widget-tablet__width-inherit elementor-widget__width-inherit elementor-widget elementor-widget-divider\" data-id=\"bf56f58\" data-element_type=\"widget\" data-widget_type=\"divider.default\">\n\t\t\t\t<div class=\"elementor-widget-container\">\n\t\t\t\t\t\t\t<div class=\"elementor-divider\">\n\t\t\t<span class=\"elementor-divider-separator\">\n\t\t\t\t\t\t\t<h2 class=\"elementor-divider__text elementor-divider__element\">\n\t\t\t\tUrlaubs-Shooting in <b>Korsika<\/b>\t\t\t\t<\/h2>\n\t\t\t\t\t\t<\/span>\n\t\t<\/div>\n\t\t\t\t\t\t<\/div>\n\t\t\t\t<\/div>\n\t\t\t\t<div class=\"elementor-element elementor-element-e5fdb44 elementor-grid-5 elementor-posts--align-center elementor-widget-tablet__width-inherit elementor-widget__width-inherit elementor-grid-tablet-2 elementor-grid-mobile-1 elementor-posts--thumbnail-top elementor-widget elementor-widget-posts\" data-id=\"e5fdb44\" data-element_type=\"widget\" data-settings=\"{&quot;classic_columns&quot;:&quot;5&quot;,&quot;classic_row_gap&quot;:{&quot;unit&quot;:&quot;px&quot;,&quot;size&quot;:30,&quot;sizes&quot;:[]},&quot;classic_columns_tablet&quot;:&quot;2&quot;,&quot;classic_columns_mobile&quot;:&quot;1&quot;,&quot;classic_row_gap_tablet&quot;:{&quot;unit&quot;:&quot;px&quot;,&quot;size&quot;:&quot;&quot;,&quot;sizes&quot;:[]},&quot;classic_row_gap_mobile&quot;:{&quot;unit&quot;:&quot;px&quot;,&quot;size&quot;:&quot;&quot;,&quot;sizes&quot;:[]}}\" data-widget_type=\"posts.classic\">\n\t\t\t\t<div class=\"elementor-widget-container\">\n\t\t\t\t\t\t\t<div class=\"elementor-posts-container elementor-posts elementor-posts--skin-classic elementor-grid\" role=\"list\">\n\t\t\t\t<article class=\"elementor-post elementor-grid-item post-47549 post type-post status-publish format-standard has-post-thumbnail hentry category-brautpaarshooting category-hochzeitsvideo category-korsika\" role=\"listitem\">\n\t\t\t\t<a class=\"elementor-post__thumbnail__link\" href=\"https:\/\/chrislet.de\/hochzeitsfotograf\/after-wedding-shooting-korsika\/\" tabindex=\"-1\" >\n\t\t\t<div class=\"elementor-post__thumbnail\"><img loading=\"lazy\" decoding=\"async\" width=\"407\" height=\"271\" src=\"https:\/\/chrislet.de\/hochzeitsfotograf\/wp-content\/smush-webp\/After-Wedding-Shooting-Korsika-0665-240828-407x271.jpg.webp\" class=\"attachment-thumbnail size-thumbnail wp-image-47589\" alt=\"After Wedding Shooting Korsika\" title=\"\" srcset=\"https:\/\/chrislet.de\/hochzeitsfotograf\/wp-content\/smush-webp\/After-Wedding-Shooting-Korsika-0665-240828-407x271.jpg.webp 407w, https:\/\/chrislet.de\/hochzeitsfotograf\/wp-content\/smush-webp\/After-Wedding-Shooting-Korsika-0665-240828-500x333.jpg.webp 500w, https:\/\/chrislet.de\/hochzeitsfotograf\/wp-content\/smush-webp\/After-Wedding-Shooting-Korsika-0665-240828-768x512.jpg.webp 768w, https:\/\/chrislet.de\/hochzeitsfotograf\/wp-content\/smush-webp\/After-Wedding-Shooting-Korsika-0665-240828-1536x1024.jpg.webp 1536w, https:\/\/chrislet.de\/hochzeitsfotograf\/wp-content\/smush-webp\/After-Wedding-Shooting-Korsika-0665-240828-2048x1366.jpg.webp 2048w\" sizes=\"(max-width: 407px) 100vw, 407px\" \/><\/div>\n\t\t<\/a>\n\t\t\t\t<div class=\"elementor-post__text\">\n\t\t\t\t<h3 class=\"elementor-post__title\">\n\t\t\t<a href=\"https:\/\/chrislet.de\/hochzeitsfotograf\/after-wedding-shooting-korsika\/\" >\n\t\t\t\tAfter-Wedding-Shooting auf Korsika\t\t\t<\/a>\n\t\t<\/h3>\n\t\t\t\t<\/div>\n\t\t\t\t<\/article>\n\t\t\t\t<article class=\"elementor-post elementor-grid-item post-47520 post type-post status-publish format-standard has-post-thumbnail hentry category-korsika category-paarshooting\" role=\"listitem\">\n\t\t\t\t<a class=\"elementor-post__thumbnail__link\" href=\"https:\/\/chrislet.de\/hochzeitsfotograf\/paarfotoshooting-in-korsika\/\" tabindex=\"-1\" >\n\t\t\t<div class=\"elementor-post__thumbnail\"><img loading=\"lazy\" decoding=\"async\" width=\"407\" height=\"271\" src=\"https:\/\/chrislet.de\/hochzeitsfotograf\/wp-content\/smush-webp\/Paarfotoshooting-Korsika-1468-240830-407x271.jpg.webp\" class=\"attachment-thumbnail size-thumbnail wp-image-47511\" alt=\"Paarfotoshooting Korsika\" title=\"\" srcset=\"https:\/\/chrislet.de\/hochzeitsfotograf\/wp-content\/smush-webp\/Paarfotoshooting-Korsika-1468-240830-407x271.jpg.webp 407w, https:\/\/chrislet.de\/hochzeitsfotograf\/wp-content\/smush-webp\/Paarfotoshooting-Korsika-1468-240830-500x333.jpg.webp 500w, https:\/\/chrislet.de\/hochzeitsfotograf\/wp-content\/smush-webp\/Paarfotoshooting-Korsika-1468-240830-768x512.jpg.webp 768w, https:\/\/chrislet.de\/hochzeitsfotograf\/wp-content\/smush-webp\/Paarfotoshooting-Korsika-1468-240830-1536x1024.jpg.webp 1536w, https:\/\/chrislet.de\/hochzeitsfotograf\/wp-content\/smush-webp\/Paarfotoshooting-Korsika-1468-240830-2048x1366.jpg.webp 2048w\" sizes=\"(max-width: 407px) 100vw, 407px\" \/><\/div>\n\t\t<\/a>\n\t\t\t\t<div class=\"elementor-post__text\">\n\t\t\t\t<h3 class=\"elementor-post__title\">\n\t\t\t<a href=\"https:\/\/chrislet.de\/hochzeitsfotograf\/paarfotoshooting-in-korsika\/\" >\n\t\t\t\tEin Paar-Fotoshooting in Korsika\t\t\t<\/a>\n\t\t<\/h3>\n\t\t\t\t<\/div>\n\t\t\t\t<\/article>\n\t\t\t\t<article class=\"elementor-post elementor-grid-item post-48182 post type-post status-publish format-standard has-post-thumbnail hentry category-korsika category-paarshooting\" role=\"listitem\">\n\t\t\t\t<a class=\"elementor-post__thumbnail__link\" href=\"https:\/\/chrislet.de\/hochzeitsfotograf\/paar-fotoshooting-am-strand\/\" tabindex=\"-1\" >\n\t\t\t<div class=\"elementor-post__thumbnail\"><img loading=\"lazy\" decoding=\"async\" width=\"407\" height=\"271\" src=\"https:\/\/chrislet.de\/hochzeitsfotograf\/wp-content\/smush-webp\/Paar_Fotoshooting_am_Strand-2639-240902-407x271.jpg.webp\" class=\"attachment-thumbnail size-thumbnail wp-image-48183\" alt=\"Paar Fotoshooting am Strand\" title=\"\" srcset=\"https:\/\/chrislet.de\/hochzeitsfotograf\/wp-content\/smush-webp\/Paar_Fotoshooting_am_Strand-2639-240902-407x271.jpg.webp 407w, https:\/\/chrislet.de\/hochzeitsfotograf\/wp-content\/smush-webp\/Paar_Fotoshooting_am_Strand-2639-240902-500x333.jpg.webp 500w, https:\/\/chrislet.de\/hochzeitsfotograf\/wp-content\/smush-webp\/Paar_Fotoshooting_am_Strand-2639-240902-768x512.jpg.webp 768w, https:\/\/chrislet.de\/hochzeitsfotograf\/wp-content\/smush-webp\/Paar_Fotoshooting_am_Strand-2639-240902-1536x1024.jpg.webp 1536w, https:\/\/chrislet.de\/hochzeitsfotograf\/wp-content\/smush-webp\/Paar_Fotoshooting_am_Strand-2639-240902-2048x1366.jpg.webp 2048w\" sizes=\"(max-width: 407px) 100vw, 407px\" \/><\/div>\n\t\t<\/a>\n\t\t\t\t<div class=\"elementor-post__text\">\n\t\t\t\t<h3 class=\"elementor-post__title\">\n\t\t\t<a href=\"https:\/\/chrislet.de\/hochzeitsfotograf\/paar-fotoshooting-am-strand\/\" >\n\t\t\t\tPaar-Fotoshooting am Strand\t\t\t<\/a>\n\t\t<\/h3>\n\t\t\t\t<\/div>\n\t\t\t\t<\/article>\n\t\t\t\t<article class=\"elementor-post elementor-grid-item post-47769 post type-post status-publish format-standard has-post-thumbnail hentry category-korsika category-paarshooting\" role=\"listitem\">\n\t\t\t\t<a class=\"elementor-post__thumbnail__link\" href=\"https:\/\/chrislet.de\/hochzeitsfotograf\/sunrise-paarshooting-am-meer\/\" tabindex=\"-1\" >\n\t\t\t<div class=\"elementor-post__thumbnail\"><img loading=\"lazy\" decoding=\"async\" width=\"181\" height=\"271\" src=\"https:\/\/chrislet.de\/hochzeitsfotograf\/wp-content\/smush-webp\/Paa-Fotoshooting-am-Meer-4090-240903-181x271.jpg.webp\" class=\"attachment-thumbnail size-thumbnail wp-image-47775\" alt=\"Paar Fotoshooting am Meer\" title=\"\" srcset=\"https:\/\/chrislet.de\/hochzeitsfotograf\/wp-content\/smush-webp\/Paa-Fotoshooting-am-Meer-4090-240903-181x271.jpg.webp 181w, https:\/\/chrislet.de\/hochzeitsfotograf\/wp-content\/smush-webp\/Paa-Fotoshooting-am-Meer-4090-240903-500x750.jpg.webp 500w, https:\/\/chrislet.de\/hochzeitsfotograf\/wp-content\/smush-webp\/Paa-Fotoshooting-am-Meer-4090-240903-768x1152.jpg.webp 768w, https:\/\/chrislet.de\/hochzeitsfotograf\/wp-content\/smush-webp\/Paa-Fotoshooting-am-Meer-4090-240903.jpg.webp 1000w\" sizes=\"(max-width: 181px) 100vw, 181px\" \/><\/div>\n\t\t<\/a>\n\t\t\t\t<div class=\"elementor-post__text\">\n\t\t\t\t<h3 class=\"elementor-post__title\">\n\t\t\t<a href=\"https:\/\/chrislet.de\/hochzeitsfotograf\/sunrise-paarshooting-am-meer\/\" >\n\t\t\t\tSunrise Paarshooting am Meer\t\t\t<\/a>\n\t\t<\/h3>\n\t\t\t\t<\/div>\n\t\t\t\t<\/article>\n\t\t\t\t<\/div>\n\t\t\n\t\t\t\t\t\t<\/div>\n\t\t\t\t<\/div>\n\t\t\t\t<div class=\"elementor-element elementor-element-f9f17d5 elementor-widget-divider--view-line_text elementor-widget-divider--element-align-left elementor-widget-tablet__width-inherit elementor-widget__width-inherit elementor-widget elementor-widget-divider\" data-id=\"f9f17d5\" data-element_type=\"widget\" data-widget_type=\"divider.default\">\n\t\t\t\t<div class=\"elementor-widget-container\">\n\t\t\t\t\t\t\t<div class=\"elementor-divider\">\n\t\t\t<span class=\"elementor-divider-separator\">\n\t\t\t\t\t\t\t<h2 class=\"elementor-divider__text elementor-divider__element\">\n\t\t\t\tOrte in meiner <b>N\u00e4he<\/b> \t\t\t\t<\/h2>\n\t\t\t\t\t\t<\/span>\n\t\t<\/div>\n\t\t\t\t\t\t<\/div>\n\t\t\t\t<\/div>\n\t\t\t\t<div class=\"elementor-element elementor-element-5709193 elementor-grid-5 elementor-posts--align-center elementor-widget-tablet__width-inherit elementor-widget__width-inherit elementor-grid-tablet-2 elementor-grid-mobile-1 elementor-posts--thumbnail-top elementor-widget elementor-widget-posts\" data-id=\"5709193\" data-element_type=\"widget\" data-settings=\"{&quot;classic_columns&quot;:&quot;5&quot;,&quot;classic_row_gap&quot;:{&quot;unit&quot;:&quot;px&quot;,&quot;size&quot;:30,&quot;sizes&quot;:[]},&quot;classic_columns_tablet&quot;:&quot;2&quot;,&quot;classic_columns_mobile&quot;:&quot;1&quot;,&quot;classic_row_gap_tablet&quot;:{&quot;unit&quot;:&quot;px&quot;,&quot;size&quot;:&quot;&quot;,&quot;sizes&quot;:[]},&quot;classic_row_gap_mobile&quot;:{&quot;unit&quot;:&quot;px&quot;,&quot;size&quot;:&quot;&quot;,&quot;sizes&quot;:[]}}\" data-widget_type=\"posts.classic\">\n\t\t\t\t<div class=\"elementor-widget-container\">\n\t\t\t\t\t\t\t<div class=\"elementor-posts-container elementor-posts elementor-posts--skin-classic elementor-grid\" role=\"list\">\n\t\t\t\t<article class=\"elementor-post elementor-grid-item post-48427 post type-post status-publish format-standard has-post-thumbnail hentry category-locations\" role=\"listitem\">\n\t\t\t\t<a class=\"elementor-post__thumbnail__link\" href=\"https:\/\/chrislet.de\/hochzeitsfotograf\/st-gallen\/\" tabindex=\"-1\" >\n\t\t\t<div class=\"elementor-post__thumbnail\"><img loading=\"lazy\" decoding=\"async\" width=\"300\" height=\"200\" src=\"https:\/\/chrislet.de\/hochzeitsfotograf\/wp-content\/smush-webp\/hochzeitsvideo-1-st.gallen-300x200.jpg.webp\" class=\"attachment-thumbnail size-thumbnail wp-image-41270\" alt=\"\" title=\"\" srcset=\"https:\/\/chrislet.de\/hochzeitsfotograf\/wp-content\/smush-webp\/hochzeitsvideo-1-st.gallen-300x200.jpg.webp 300w, https:\/\/chrislet.de\/hochzeitsfotograf\/wp-content\/smush-webp\/hochzeitsvideo-1-st.gallen-500x333.jpg.webp 500w, https:\/\/chrislet.de\/hochzeitsfotograf\/wp-content\/smush-webp\/hochzeitsvideo-1-st.gallen-768x512.jpg.webp 768w, https:\/\/chrislet.de\/hochzeitsfotograf\/wp-content\/smush-webp\/hochzeitsvideo-1-st.gallen.jpg.webp 1350w\" sizes=\"(max-width: 300px) 100vw, 300px\" \/><\/div>\n\t\t<\/a>\n\t\t\t\t<div class=\"elementor-post__text\">\n\t\t\t\t<h3 class=\"elementor-post__title\">\n\t\t\t<a href=\"https:\/\/chrislet.de\/hochzeitsfotograf\/st-gallen\/\" >\n\t\t\t\tHochzeitsfotograf St. Gallen\t\t\t<\/a>\n\t\t<\/h3>\n\t\t\t\t<\/div>\n\t\t\t\t<\/article>\n\t\t\t\t<article class=\"elementor-post elementor-grid-item post-43491 post type-post status-publish format-standard has-post-thumbnail hentry category-locations\" role=\"listitem\">\n\t\t\t\t<a class=\"elementor-post__thumbnail__link\" href=\"https:\/\/chrislet.de\/hochzeitsfotograf\/friedrichshafen\/\" tabindex=\"-1\" >\n\t\t\t<div class=\"elementor-post__thumbnail\"><img loading=\"lazy\" decoding=\"async\" width=\"407\" height=\"271\" src=\"https:\/\/chrislet.de\/hochzeitsfotograf\/wp-content\/smush-webp\/2022\/02\/hochzeitsfotograf-friedrichshafen-lilingen-28-0910-e1648877920252.jpg.webp\" class=\"attachment-thumbnail size-thumbnail wp-image-40130\" alt=\"hochzeitsfotograf-friedrichshafen\" title=\"\"><\/div>\n\t\t<\/a>\n\t\t\t\t<div class=\"elementor-post__text\">\n\t\t\t\t<h3 class=\"elementor-post__title\">\n\t\t\t<a href=\"https:\/\/chrislet.de\/hochzeitsfotograf\/friedrichshafen\/\" >\n\t\t\t\tHochzeitsfotograf Friedrichshafen\t\t\t<\/a>\n\t\t<\/h3>\n\t\t\t\t<\/div>\n\t\t\t\t<\/article>\n\t\t\t\t<article class=\"elementor-post elementor-grid-item post-42382 post type-post status-publish format-standard has-post-thumbnail hentry category-locations\" role=\"listitem\">\n\t\t\t\t<a class=\"elementor-post__thumbnail__link\" href=\"https:\/\/chrislet.de\/hochzeitsfotograf\/singen\/\" tabindex=\"-1\" >\n\t\t\t<div class=\"elementor-post__thumbnail\"><img loading=\"lazy\" decoding=\"async\" width=\"300\" height=\"200\" src=\"https:\/\/chrislet.de\/hochzeitsfotograf\/wp-content\/smush-webp\/hochzeitsfotograf-singen-1175-300x200.jpg.webp\" class=\"attachment-thumbnail size-thumbnail wp-image-42450\" alt=\"hochzeitsfotograf singen\" title=\"\" srcset=\"https:\/\/chrislet.de\/hochzeitsfotograf\/wp-content\/smush-webp\/hochzeitsfotograf-singen-1175-300x200.jpg.webp 300w, https:\/\/chrislet.de\/hochzeitsfotograf\/wp-content\/smush-webp\/hochzeitsfotograf-singen-1175-500x333.jpg.webp 500w, https:\/\/chrislet.de\/hochzeitsfotograf\/wp-content\/smush-webp\/hochzeitsfotograf-singen-1175-768x512.jpg.webp 768w, https:\/\/chrislet.de\/hochzeitsfotograf\/wp-content\/smush-webp\/hochzeitsfotograf-singen-1175.jpg.webp 1350w\" sizes=\"(max-width: 300px) 100vw, 300px\" \/><\/div>\n\t\t<\/a>\n\t\t\t\t<div class=\"elementor-post__text\">\n\t\t\t\t<h3 class=\"elementor-post__title\">\n\t\t\t<a href=\"https:\/\/chrislet.de\/hochzeitsfotograf\/singen\/\" >\n\t\t\t\tHochzeitsfotograf Singen\t\t\t<\/a>\n\t\t<\/h3>\n\t\t\t\t<\/div>\n\t\t\t\t<\/article>\n\t\t\t\t<article class=\"elementor-post elementor-grid-item post-41782 post type-post status-publish format-standard has-post-thumbnail hentry category-locations\" role=\"listitem\">\n\t\t\t\t<a class=\"elementor-post__thumbnail__link\" href=\"https:\/\/chrislet.de\/hochzeitsfotograf\/winterthur\/\" tabindex=\"-1\" >\n\t\t\t<div class=\"elementor-post__thumbnail\"><img loading=\"lazy\" decoding=\"async\" width=\"300\" height=\"200\" src=\"https:\/\/chrislet.de\/hochzeitsfotograf\/wp-content\/smush-webp\/hochzeitsfotograf-winterthur-1369-300x200.jpg.webp\" class=\"attachment-thumbnail size-thumbnail wp-image-41796\" alt=\"hochzeitsfotograf-winterthur\" title=\"\" srcset=\"https:\/\/chrislet.de\/hochzeitsfotograf\/wp-content\/smush-webp\/hochzeitsfotograf-winterthur-1369-300x200.jpg.webp 300w, https:\/\/chrislet.de\/hochzeitsfotograf\/wp-content\/smush-webp\/hochzeitsfotograf-winterthur-1369-500x334.jpg.webp 500w, https:\/\/chrislet.de\/hochzeitsfotograf\/wp-content\/smush-webp\/hochzeitsfotograf-winterthur-1369-768x512.jpg.webp 768w, https:\/\/chrislet.de\/hochzeitsfotograf\/wp-content\/smush-webp\/hochzeitsfotograf-winterthur-1369.jpg.webp 1349w\" sizes=\"(max-width: 300px) 100vw, 300px\" \/><\/div>\n\t\t<\/a>\n\t\t\t\t<div class=\"elementor-post__text\">\n\t\t\t\t<h3 class=\"elementor-post__title\">\n\t\t\t<a href=\"https:\/\/chrislet.de\/hochzeitsfotograf\/winterthur\/\" >\n\t\t\t\tHochzeitsfotograf Winterthur\t\t\t<\/a>\n\t\t<\/h3>\n\t\t\t\t<\/div>\n\t\t\t\t<\/article>\n\t\t\t\t<article class=\"elementor-post elementor-grid-item post-40894 post type-post status-publish format-standard has-post-thumbnail hentry category-locations\" role=\"listitem\">\n\t\t\t\t<a class=\"elementor-post__thumbnail__link\" href=\"https:\/\/chrislet.de\/hochzeitsfotograf\/konstanz\/\" tabindex=\"-1\" >\n\t\t\t<div class=\"elementor-post__thumbnail\"><img loading=\"lazy\" decoding=\"async\" width=\"300\" height=\"200\" src=\"https:\/\/chrislet.de\/hochzeitsfotograf\/wp-content\/smush-webp\/hochzeitsfotograf-konstanz-300x200.jpg.webp\" class=\"attachment-thumbnail size-thumbnail wp-image-44720\" alt=\"Hochzeitsfotograf Konstanz\" title=\"\" srcset=\"https:\/\/chrislet.de\/hochzeitsfotograf\/wp-content\/smush-webp\/hochzeitsfotograf-konstanz-300x200.jpg.webp 300w, https:\/\/chrislet.de\/hochzeitsfotograf\/wp-content\/smush-webp\/hochzeitsfotograf-konstanz-500x334.jpg.webp 500w, https:\/\/chrislet.de\/hochzeitsfotograf\/wp-content\/smush-webp\/hochzeitsfotograf-konstanz-1349x900.jpg.webp 1349w, https:\/\/chrislet.de\/hochzeitsfotograf\/wp-content\/smush-webp\/hochzeitsfotograf-konstanz-768x512.jpg.webp 768w, https:\/\/chrislet.de\/hochzeitsfotograf\/wp-content\/smush-webp\/hochzeitsfotograf-konstanz-1536x1025.jpg.webp 1536w, https:\/\/chrislet.de\/hochzeitsfotograf\/wp-content\/smush-webp\/hochzeitsfotograf-konstanz.jpg.webp 1949w\" sizes=\"(max-width: 300px) 100vw, 300px\" \/><\/div>\n\t\t<\/a>\n\t\t\t\t<div class=\"elementor-post__text\">\n\t\t\t\t<h3 class=\"elementor-post__title\">\n\t\t\t<a href=\"https:\/\/chrislet.de\/hochzeitsfotograf\/konstanz\/\" >\n\t\t\t\tHochzeitsfotograf Konstanz\t\t\t<\/a>\n\t\t<\/h3>\n\t\t\t\t<\/div>\n\t\t\t\t<\/article>\n\t\t\t\t<article class=\"elementor-post elementor-grid-item post-40863 post type-post status-publish format-standard has-post-thumbnail hentry category-locations\" role=\"listitem\">\n\t\t\t\t<a class=\"elementor-post__thumbnail__link\" href=\"https:\/\/chrislet.de\/hochzeitsfotograf\/bodensee\/\" tabindex=\"-1\" >\n\t\t\t<div class=\"elementor-post__thumbnail\"><img loading=\"lazy\" decoding=\"async\" width=\"407\" height=\"271\" src=\"https:\/\/chrislet.de\/hochzeitsfotograf\/wp-content\/uploads\/2017\/02\/Hochzeitsfotograf-Konstanz-001.jpg\" class=\"attachment-thumbnail size-thumbnail wp-image-36204\" alt=\"Hochzeitsfotograf-Konstanz\" title=\"\" srcset=\"https:\/\/chrislet.de\/hochzeitsfotograf\/wp-content\/uploads\/2017\/02\/Hochzeitsfotograf-Konstanz-001.jpg 1350w, https:\/\/chrislet.de\/hochzeitsfotograf\/wp-content\/uploads\/2017\/02\/Hochzeitsfotograf-Konstanz-001-768x512.jpg 768w\" sizes=\"(max-width: 407px) 100vw, 407px\" \/><\/div>\n\t\t<\/a>\n\t\t\t\t<div class=\"elementor-post__text\">\n\t\t\t\t<h3 class=\"elementor-post__title\">\n\t\t\t<a href=\"https:\/\/chrislet.de\/hochzeitsfotograf\/bodensee\/\" >\n\t\t\t\tHochzeitsfotograf Bodensee\t\t\t<\/a>\n\t\t<\/h3>\n\t\t\t\t<\/div>\n\t\t\t\t<\/article>\n\t\t\t\t<article class=\"elementor-post elementor-grid-item post-40825 post type-post status-publish format-standard has-post-thumbnail hentry category-locations\" role=\"listitem\">\n\t\t\t\t<a class=\"elementor-post__thumbnail__link\" href=\"https:\/\/chrislet.de\/hochzeitsfotograf\/ueberlinegn\/\" tabindex=\"-1\" >\n\t\t\t<div class=\"elementor-post__thumbnail\"><img loading=\"lazy\" decoding=\"async\" width=\"407\" height=\"271\" src=\"https:\/\/chrislet.de\/hochzeitsfotograf\/wp-content\/smush-webp\/hochzeitsfotograf-ueberlingen-10-6604.jpg.webp\" class=\"attachment-thumbnail size-thumbnail wp-image-40844\" alt=\"Hochzeitsfotografen \u00dcberlingen\" title=\"\" srcset=\"https:\/\/chrislet.de\/hochzeitsfotograf\/wp-content\/smush-webp\/hochzeitsfotograf-ueberlingen-10-6604.jpg.webp 1350w, https:\/\/chrislet.de\/hochzeitsfotograf\/wp-content\/smush-webp\/hochzeitsfotograf-ueberlingen-10-6604-768x512.jpg.webp 768w\" sizes=\"(max-width: 407px) 100vw, 407px\" \/><\/div>\n\t\t<\/a>\n\t\t\t\t<div class=\"elementor-post__text\">\n\t\t\t\t<h3 class=\"elementor-post__title\">\n\t\t\t<a href=\"https:\/\/chrislet.de\/hochzeitsfotograf\/ueberlinegn\/\" >\n\t\t\t\tHochzeitsfotograf \u00dcberlingen\t\t\t<\/a>\n\t\t<\/h3>\n\t\t\t\t<\/div>\n\t\t\t\t<\/article>\n\t\t\t\t<article class=\"elementor-post elementor-grid-item post-40759 post type-post status-publish format-standard has-post-thumbnail hentry category-locations\" role=\"listitem\">\n\t\t\t\t<a class=\"elementor-post__thumbnail__link\" href=\"https:\/\/chrislet.de\/hochzeitsfotograf\/radolfzell\/\" tabindex=\"-1\" >\n\t\t\t<div class=\"elementor-post__thumbnail\"><img loading=\"lazy\" decoding=\"async\" width=\"407\" height=\"271\" src=\"https:\/\/chrislet.de\/hochzeitsfotograf\/wp-content\/uploads\/Paarshooting-radolfzell-0050.webp\" class=\"attachment-thumbnail size-thumbnail wp-image-40812\" alt=\"\" title=\"\" srcset=\"https:\/\/chrislet.de\/hochzeitsfotograf\/wp-content\/uploads\/Paarshooting-radolfzell-0050.webp 1350w, https:\/\/chrislet.de\/hochzeitsfotograf\/wp-content\/uploads\/Paarshooting-radolfzell-0050-768x512.webp 768w\" sizes=\"(max-width: 407px) 100vw, 407px\" \/><\/div>\n\t\t<\/a>\n\t\t\t\t<div class=\"elementor-post__text\">\n\t\t\t\t<h3 class=\"elementor-post__title\">\n\t\t\t<a href=\"https:\/\/chrislet.de\/hochzeitsfotograf\/radolfzell\/\" >\n\t\t\t\tHochzeitsfotograf Radolfzell\t\t\t<\/a>\n\t\t<\/h3>\n\t\t\t\t<\/div>\n\t\t\t\t<\/article>\n\t\t\t\t<\/div>\n\t\t\n\t\t\t\t\t\t<\/div>\n\t\t\t\t<\/div>\n\t\t\t\t<div class=\"elementor-element elementor-element-5b9f340 elementor-widget-divider--view-line_text elementor-widget-divider--element-align-left elementor-widget-tablet__width-inherit elementor-widget__width-inherit elementor-widget elementor-widget-divider\" data-id=\"5b9f340\" data-element_type=\"widget\" data-widget_type=\"divider.default\">\n\t\t\t\t<div class=\"elementor-widget-container\">\n\t\t\t\t\t\t\t<div class=\"elementor-divider\">\n\t\t\t<span class=\"elementor-divider-separator\">\n\t\t\t\t\t\t\t<h2 class=\"elementor-divider__text elementor-divider__element\">\n\t\t\t\tWeitere <b>Hochzeitslocations<\/b>\t\t\t\t<\/h2>\n\t\t\t\t\t\t<\/span>\n\t\t<\/div>\n\t\t\t\t\t\t<\/div>\n\t\t\t\t<\/div>\n\t\t\t\t<div class=\"elementor-element elementor-element-a1f6009 elementor-grid-5 elementor-posts--align-center elementor-widget-tablet__width-inherit elementor-widget__width-inherit elementor-grid-tablet-2 elementor-grid-mobile-1 elementor-posts--thumbnail-top elementor-widget elementor-widget-posts\" data-id=\"a1f6009\" data-element_type=\"widget\" data-settings=\"{&quot;classic_columns&quot;:&quot;5&quot;,&quot;classic_row_gap&quot;:{&quot;unit&quot;:&quot;px&quot;,&quot;size&quot;:30,&quot;sizes&quot;:[]},&quot;classic_columns_tablet&quot;:&quot;2&quot;,&quot;classic_columns_mobile&quot;:&quot;1&quot;,&quot;classic_row_gap_tablet&quot;:{&quot;unit&quot;:&quot;px&quot;,&quot;size&quot;:&quot;&quot;,&quot;sizes&quot;:[]},&quot;classic_row_gap_mobile&quot;:{&quot;unit&quot;:&quot;px&quot;,&quot;size&quot;:&quot;&quot;,&quot;sizes&quot;:[]}}\" data-widget_type=\"posts.classic\">\n\t\t\t\t<div class=\"elementor-widget-container\">\n\t\t\t\t\t\t\t<div class=\"elementor-posts-container elementor-posts elementor-posts--skin-classic elementor-grid\" role=\"list\">\n\t\t\t\t<article class=\"elementor-post elementor-grid-item post-49664 post type-post status-publish format-standard has-post-thumbnail hentry category-reportagen tag-freie-trauung tag-griechenland\" role=\"listitem\">\n\t\t\t\t<a class=\"elementor-post__thumbnail__link\" href=\"https:\/\/chrislet.de\/hochzeitsfotograf\/hochzeit-auf-kefalonia-griechenland\/\" tabindex=\"-1\" >\n\t\t\t<div class=\"elementor-post__thumbnail\"><img loading=\"lazy\" decoding=\"async\" width=\"407\" height=\"271\" src=\"https:\/\/chrislet.de\/hochzeitsfotograf\/wp-content\/smush-webp\/Hochzeitsfotograf-Kefalonia-Griechenland-4660-250806-407x271.jpg.webp\" class=\"attachment-thumbnail size-thumbnail wp-image-49647\" alt=\"\" title=\"\" srcset=\"https:\/\/chrislet.de\/hochzeitsfotograf\/wp-content\/smush-webp\/Hochzeitsfotograf-Kefalonia-Griechenland-4660-250806-407x271.jpg.webp 407w, https:\/\/chrislet.de\/hochzeitsfotograf\/wp-content\/smush-webp\/Hochzeitsfotograf-Kefalonia-Griechenland-4660-250806-500x333.jpg.webp 500w, https:\/\/chrislet.de\/hochzeitsfotograf\/wp-content\/smush-webp\/Hochzeitsfotograf-Kefalonia-Griechenland-4660-250806-768x512.jpg.webp 768w, https:\/\/chrislet.de\/hochzeitsfotograf\/wp-content\/smush-webp\/Hochzeitsfotograf-Kefalonia-Griechenland-4660-250806-1536x1024.jpg.webp 1536w, https:\/\/chrislet.de\/hochzeitsfotograf\/wp-content\/smush-webp\/Hochzeitsfotograf-Kefalonia-Griechenland-4660-250806-2048x1366.jpg.webp 2048w\" sizes=\"(max-width: 407px) 100vw, 407px\" \/><\/div>\n\t\t<\/a>\n\t\t\t\t<div class=\"elementor-post__text\">\n\t\t\t\t<h3 class=\"elementor-post__title\">\n\t\t\t<a href=\"https:\/\/chrislet.de\/hochzeitsfotograf\/hochzeit-auf-kefalonia-griechenland\/\" >\n\t\t\t\tHochzeit auf Kefalonia &#8211; Griechenland\t\t\t<\/a>\n\t\t<\/h3>\n\t\t\t\t<\/div>\n\t\t\t\t<\/article>\n\t\t\t\t<article class=\"elementor-post elementor-grid-item post-46318 post type-post status-publish format-standard has-post-thumbnail hentry category-brautpaarshooting tag-bodensee tag-hochzeit-schlossern-burgen\" role=\"listitem\">\n\t\t\t\t<a class=\"elementor-post__thumbnail__link\" href=\"https:\/\/chrislet.de\/hochzeitsfotograf\/brautpaarshooting-konstanz\/\" tabindex=\"-1\" >\n\t\t\t<div class=\"elementor-post__thumbnail\"><img loading=\"lazy\" decoding=\"async\" width=\"300\" height=\"200\" src=\"https:\/\/chrislet.de\/hochzeitsfotograf\/wp-content\/smush-webp\/Hochzeitsfotograf-Seeburg-Kreuzlingen-0411-180712-1-300x200.jpg.webp\" class=\"attachment-thumbnail size-thumbnail wp-image-46304\" alt=\"Hochzeitsfotograf Seeburg Kreuzlingen\" title=\"\" srcset=\"https:\/\/chrislet.de\/hochzeitsfotograf\/wp-content\/smush-webp\/Hochzeitsfotograf-Seeburg-Kreuzlingen-0411-180712-1-300x200.jpg.webp 300w, https:\/\/chrislet.de\/hochzeitsfotograf\/wp-content\/smush-webp\/Hochzeitsfotograf-Seeburg-Kreuzlingen-0411-180712-1-500x333.jpg.webp 500w, https:\/\/chrislet.de\/hochzeitsfotograf\/wp-content\/smush-webp\/Hochzeitsfotograf-Seeburg-Kreuzlingen-0411-180712-1-1350x900.jpg.webp 1350w, https:\/\/chrislet.de\/hochzeitsfotograf\/wp-content\/smush-webp\/Hochzeitsfotograf-Seeburg-Kreuzlingen-0411-180712-1-768x512.jpg.webp 768w, https:\/\/chrislet.de\/hochzeitsfotograf\/wp-content\/smush-webp\/Hochzeitsfotograf-Seeburg-Kreuzlingen-0411-180712-1-1536x1024.jpg.webp 1536w, https:\/\/chrislet.de\/hochzeitsfotograf\/wp-content\/smush-webp\/Hochzeitsfotograf-Seeburg-Kreuzlingen-0411-180712-1.jpg.webp 1950w\" sizes=\"(max-width: 300px) 100vw, 300px\" \/><\/div>\n\t\t<\/a>\n\t\t\t\t<div class=\"elementor-post__text\">\n\t\t\t\t<h3 class=\"elementor-post__title\">\n\t\t\t<a href=\"https:\/\/chrislet.de\/hochzeitsfotograf\/brautpaarshooting-konstanz\/\" >\n\t\t\t\tStimmungsvolles Brautpaarshooting in Konstanz\t\t\t<\/a>\n\t\t<\/h3>\n\t\t\t\t<\/div>\n\t\t\t\t<\/article>\n\t\t\t\t<article class=\"elementor-post elementor-grid-item post-41605 post type-post status-publish format-standard has-post-thumbnail hentry category-brautpaarshooting tag-bodensee tag-regen\" role=\"listitem\">\n\t\t\t\t<a class=\"elementor-post__thumbnail__link\" href=\"https:\/\/chrislet.de\/hochzeitsfotograf\/brautpaarshooting-bei-regen\/\" tabindex=\"-1\" >\n\t\t\t<div class=\"elementor-post__thumbnail\"><img loading=\"lazy\" decoding=\"async\" width=\"300\" height=\"200\" src=\"https:\/\/chrislet.de\/hochzeitsfotograf\/wp-content\/smush-webp\/hochzeitsfotos-birnau-10-300x200.jpg.webp\" class=\"attachment-thumbnail size-thumbnail wp-image-41602\" alt=\"\" title=\"\" srcset=\"https:\/\/chrislet.de\/hochzeitsfotograf\/wp-content\/smush-webp\/hochzeitsfotos-birnau-10-300x200.jpg.webp 300w, https:\/\/chrislet.de\/hochzeitsfotograf\/wp-content\/smush-webp\/hochzeitsfotos-birnau-10-500x334.jpg.webp 500w, https:\/\/chrislet.de\/hochzeitsfotograf\/wp-content\/smush-webp\/hochzeitsfotos-birnau-10-768x512.jpg.webp 768w, https:\/\/chrislet.de\/hochzeitsfotograf\/wp-content\/smush-webp\/hochzeitsfotos-birnau-10.jpg.webp 1349w\" sizes=\"(max-width: 300px) 100vw, 300px\" \/><\/div>\n\t\t<\/a>\n\t\t\t\t<div class=\"elementor-post__text\">\n\t\t\t\t<h3 class=\"elementor-post__title\">\n\t\t\t<a href=\"https:\/\/chrislet.de\/hochzeitsfotograf\/brautpaarshooting-bei-regen\/\" >\n\t\t\t\tBrautpaarshooting bei Regen\t\t\t<\/a>\n\t\t<\/h3>\n\t\t\t\t<\/div>\n\t\t\t\t<\/article>\n\t\t\t\t<article class=\"elementor-post elementor-grid-item post-39293 post type-post status-publish format-standard has-post-thumbnail hentry category-brautpaarshooting\" role=\"listitem\">\n\t\t\t\t<a class=\"elementor-post__thumbnail__link\" href=\"https:\/\/chrislet.de\/hochzeitsfotograf\/brautpaarshooting-in-konstanz-am-seerhein\/\" tabindex=\"-1\" >\n\t\t\t<div class=\"elementor-post__thumbnail\"><img loading=\"lazy\" decoding=\"async\" width=\"407\" height=\"254\" src=\"https:\/\/chrislet.de\/hochzeitsfotograf\/wp-content\/uploads\/2020\/05\/Hochzeitsfotograf_Bodensee-1031.jpg\" class=\"attachment-thumbnail size-thumbnail wp-image-39220\" alt=\"Hochzeitsfotos am Bodensee\" title=\"\" srcset=\"https:\/\/chrislet.de\/hochzeitsfotograf\/wp-content\/uploads\/2020\/05\/Hochzeitsfotograf_Bodensee-1031.jpg 1440w, https:\/\/chrislet.de\/hochzeitsfotograf\/wp-content\/uploads\/2020\/05\/Hochzeitsfotograf_Bodensee-1031-768x480.jpg 768w, https:\/\/chrislet.de\/hochzeitsfotograf\/wp-content\/uploads\/2020\/05\/Hochzeitsfotograf_Bodensee-1031-1536x960.jpg 1536w\" sizes=\"(max-width: 407px) 100vw, 407px\" \/><\/div>\n\t\t<\/a>\n\t\t\t\t<div class=\"elementor-post__text\">\n\t\t\t\t<h3 class=\"elementor-post__title\">\n\t\t\t<a href=\"https:\/\/chrislet.de\/hochzeitsfotograf\/brautpaarshooting-in-konstanz-am-seerhein\/\" >\n\t\t\t\tBrautpaarshooting in Konstanz am Seerhein\t\t\t<\/a>\n\t\t<\/h3>\n\t\t\t\t<\/div>\n\t\t\t\t<\/article>\n\t\t\t\t<article class=\"elementor-post elementor-grid-item post-37191 post type-post status-publish format-standard has-post-thumbnail hentry category-brautpaarshooting tag-herbst-hochzeit\" role=\"listitem\">\n\t\t\t\t<a class=\"elementor-post__thumbnail__link\" href=\"https:\/\/chrislet.de\/hochzeitsfotograf\/walensee-hochzeitsfotograf\/\" tabindex=\"-1\" >\n\t\t\t<div class=\"elementor-post__thumbnail\"><img loading=\"lazy\" decoding=\"async\" width=\"407\" height=\"271\" src=\"https:\/\/chrislet.de\/hochzeitsfotograf\/wp-content\/smush-webp\/2020\/03\/Hochzeitsfotos_Walensee-2180.jpg.webp\" class=\"attachment-thumbnail size-thumbnail wp-image-37210\" alt=\"\" title=\"\" srcset=\"https:\/\/chrislet.de\/hochzeitsfotograf\/wp-content\/smush-webp\/2020\/03\/Hochzeitsfotos_Walensee-2180.jpg.webp 1351w, https:\/\/chrislet.de\/hochzeitsfotograf\/wp-content\/uploads\/2020\/03\/Hochzeitsfotos_Walensee-2180-768x512.jpg 768w, https:\/\/chrislet.de\/hochzeitsfotograf\/wp-content\/uploads\/2020\/03\/Hochzeitsfotos_Walensee-2180-1200x800.jpg 1200w, https:\/\/chrislet.de\/hochzeitsfotograf\/wp-content\/uploads\/2020\/03\/Hochzeitsfotos_Walensee-2180-500x333.jpg 500w\" sizes=\"(max-width: 407px) 100vw, 407px\" \/><\/div>\n\t\t<\/a>\n\t\t\t\t<div class=\"elementor-post__text\">\n\t\t\t\t<h3 class=\"elementor-post__title\">\n\t\t\t<a href=\"https:\/\/chrislet.de\/hochzeitsfotograf\/walensee-hochzeitsfotograf\/\" >\n\t\t\t\tAfter-Wedding-Shooting am Walensee\t\t\t<\/a>\n\t\t<\/h3>\n\t\t\t\t<\/div>\n\t\t\t\t<\/article>\n\t\t\t\t<article class=\"elementor-post elementor-grid-item post-36416 post type-post status-publish format-standard has-post-thumbnail hentry category-reportagen category-archiv tag-hochzeit-schlossern-burgen tag-standesamtliche-trauung\" role=\"listitem\">\n\t\t\t\t<a class=\"elementor-post__thumbnail__link\" href=\"https:\/\/chrislet.de\/hochzeitsfotograf\/hochzeit-waldburg-schloss-aachbach\/\" tabindex=\"-1\" >\n\t\t\t<div class=\"elementor-post__thumbnail\"><img loading=\"lazy\" decoding=\"async\" width=\"407\" height=\"271\" src=\"https:\/\/chrislet.de\/hochzeitsfotograf\/wp-content\/uploads\/2017\/12\/Hochzeitsfotograf-Schloss-Aachbach-1476.jpg\" class=\"attachment-thumbnail size-thumbnail wp-image-36711\" alt=\"\" title=\"\" srcset=\"https:\/\/chrislet.de\/hochzeitsfotograf\/wp-content\/uploads\/2017\/12\/Hochzeitsfotograf-Schloss-Aachbach-1476.jpg 1350w, https:\/\/chrislet.de\/hochzeitsfotograf\/wp-content\/smush-webp\/2017\/12\/Hochzeitsfotograf-Schloss-Aachbach-1476-768x512.jpg.webp 768w, https:\/\/chrislet.de\/hochzeitsfotograf\/wp-content\/smush-webp\/2017\/12\/Hochzeitsfotograf-Schloss-Aachbach-1476-1200x800.jpg.webp 1200w, https:\/\/chrislet.de\/hochzeitsfotograf\/wp-content\/smush-webp\/2017\/12\/Hochzeitsfotograf-Schloss-Aachbach-1476-500x333.jpg.webp 500w\" sizes=\"(max-width: 407px) 100vw, 407px\" \/><\/div>\n\t\t<\/a>\n\t\t\t\t<div class=\"elementor-post__text\">\n\t\t\t\t<h3 class=\"elementor-post__title\">\n\t\t\t<a href=\"https:\/\/chrislet.de\/hochzeitsfotograf\/hochzeit-waldburg-schloss-aachbach\/\" >\n\t\t\t\tHochzeit auf Schloss Aachbach &#038; Waldburg\t\t\t<\/a>\n\t\t<\/h3>\n\t\t\t\t<\/div>\n\t\t\t\t<\/article>\n\t\t\t\t<article class=\"elementor-post elementor-grid-item post-36195 post type-post status-publish format-standard has-post-thumbnail hentry category-brautpaarshooting\" role=\"listitem\">\n\t\t\t\t<a class=\"elementor-post__thumbnail__link\" href=\"https:\/\/chrislet.de\/hochzeitsfotograf\/brautpaarshooting-in-der-altstadt-konstanz\/\" tabindex=\"-1\" >\n\t\t\t<div class=\"elementor-post__thumbnail\"><img loading=\"lazy\" decoding=\"async\" width=\"407\" height=\"271\" src=\"https:\/\/chrislet.de\/hochzeitsfotograf\/wp-content\/uploads\/2017\/02\/003-0347.jpg\" class=\"attachment-thumbnail size-thumbnail wp-image-36178\" alt=\"\" title=\"\" srcset=\"https:\/\/chrislet.de\/hochzeitsfotograf\/wp-content\/uploads\/2017\/02\/003-0347.jpg 1350w, https:\/\/chrislet.de\/hochzeitsfotograf\/wp-content\/uploads\/2017\/02\/003-0347-768x512.jpg 768w\" sizes=\"(max-width: 407px) 100vw, 407px\" \/><\/div>\n\t\t<\/a>\n\t\t\t\t<div class=\"elementor-post__text\">\n\t\t\t\t<h3 class=\"elementor-post__title\">\n\t\t\t<a href=\"https:\/\/chrislet.de\/hochzeitsfotograf\/brautpaarshooting-in-der-altstadt-konstanz\/\" >\n\t\t\t\tBrautpaarshooting in der Altstadt Konstanz\t\t\t<\/a>\n\t\t<\/h3>\n\t\t\t\t<\/div>\n\t\t\t\t<\/article>\n\t\t\t\t<article class=\"elementor-post elementor-grid-item post-36143 post type-post status-publish format-standard has-post-thumbnail hentry category-reportagen category-archiv tag-bodensee tag-standesamtliche-trauung\" role=\"listitem\">\n\t\t\t\t<a class=\"elementor-post__thumbnail__link\" href=\"https:\/\/chrislet.de\/hochzeitsfotograf\/hochzeit-im-ueberlingen-ludwigshafen\/\" tabindex=\"-1\" >\n\t\t\t<div class=\"elementor-post__thumbnail\"><img loading=\"lazy\" decoding=\"async\" width=\"407\" height=\"271\" src=\"https:\/\/chrislet.de\/hochzeitsfotograf\/wp-content\/uploads\/2017\/02\/034-8852.jpg\" class=\"attachment-thumbnail size-thumbnail wp-image-36110\" alt=\"\" title=\"\" srcset=\"https:\/\/chrislet.de\/hochzeitsfotograf\/wp-content\/uploads\/2017\/02\/034-8852.jpg 1350w, https:\/\/chrislet.de\/hochzeitsfotograf\/wp-content\/smush-webp\/2017\/02\/034-8852-768x512.jpg.webp 768w\" sizes=\"(max-width: 407px) 100vw, 407px\" \/><\/div>\n\t\t<\/a>\n\t\t\t\t<div class=\"elementor-post__text\">\n\t\t\t\t<h3 class=\"elementor-post__title\">\n\t\t\t<a href=\"https:\/\/chrislet.de\/hochzeitsfotograf\/hochzeit-im-ueberlingen-ludwigshafen\/\" >\n\t\t\t\tHochzeit im \u00dcberlingen &#038; Ludwigshafen am Bodensee\t\t\t<\/a>\n\t\t<\/h3>\n\t\t\t\t<\/div>\n\t\t\t\t<\/article>\n\t\t\t\t<article class=\"elementor-post elementor-grid-item post-34858 post type-post status-publish format-standard has-post-thumbnail hentry category-reportagen\" role=\"listitem\">\n\t\t\t\t<a class=\"elementor-post__thumbnail__link\" href=\"https:\/\/chrislet.de\/hochzeitsfotograf\/uberlingen-zollhaus-ludwigshafen\/\" tabindex=\"-1\" >\n\t\t\t<div class=\"elementor-post__thumbnail\"><img loading=\"lazy\" decoding=\"async\" width=\"407\" height=\"271\" src=\"https:\/\/chrislet.de\/hochzeitsfotograf\/wp-content\/uploads\/2017\/01\/024-7425.jpg\" class=\"attachment-thumbnail size-thumbnail wp-image-35792\" alt=\"\" title=\"\" srcset=\"https:\/\/chrislet.de\/hochzeitsfotograf\/wp-content\/uploads\/2017\/01\/024-7425.jpg 1350w, https:\/\/chrislet.de\/hochzeitsfotograf\/wp-content\/uploads\/2017\/01\/024-7425-768x512.jpg 768w\" sizes=\"(max-width: 407px) 100vw, 407px\" \/><\/div>\n\t\t<\/a>\n\t\t\t\t<div class=\"elementor-post__text\">\n\t\t\t\t<h3 class=\"elementor-post__title\">\n\t\t\t<a href=\"https:\/\/chrislet.de\/hochzeitsfotograf\/uberlingen-zollhaus-ludwigshafen\/\" >\n\t\t\t\tHochzeit in \u00dcberlingen und Zollhaus Ludwigshafen\t\t\t<\/a>\n\t\t<\/h3>\n\t\t\t\t<\/div>\n\t\t\t\t<\/article>\n\t\t\t\t<article class=\"elementor-post elementor-grid-item post-41531 post type-post status-publish format-standard has-post-thumbnail hentry category-archiv category-reportagen tag-freie-trauung tag-hochzeit-schlossern-burgen tag-zuerichsee\" role=\"listitem\">\n\t\t\t\t<a class=\"elementor-post__thumbnail__link\" href=\"https:\/\/chrislet.de\/hochzeitsfotograf\/hochzeit-in-rapperswil-am-zuerichsee\/\" tabindex=\"-1\" >\n\t\t\t<div class=\"elementor-post__thumbnail\"><img loading=\"lazy\" decoding=\"async\" width=\"407\" height=\"271\" src=\"https:\/\/chrislet.de\/hochzeitsfotograf\/wp-content\/uploads\/2017\/12\/Hochzeitsfotograf-Rapperswil-012-0178.jpg\" class=\"attachment-thumbnail size-thumbnail wp-image-36462\" alt=\"\" title=\"\" srcset=\"https:\/\/chrislet.de\/hochzeitsfotograf\/wp-content\/uploads\/2017\/12\/Hochzeitsfotograf-Rapperswil-012-0178.jpg 1350w, https:\/\/chrislet.de\/hochzeitsfotograf\/wp-content\/smush-webp\/2017\/12\/Hochzeitsfotograf-Rapperswil-012-0178-768x512.jpg.webp 768w, https:\/\/chrislet.de\/hochzeitsfotograf\/wp-content\/uploads\/2017\/12\/Hochzeitsfotograf-Rapperswil-012-0178-1200x800.jpg 1200w, https:\/\/chrislet.de\/hochzeitsfotograf\/wp-content\/smush-webp\/2017\/12\/Hochzeitsfotograf-Rapperswil-012-0178-500x333.jpg.webp 500w\" sizes=\"(max-width: 407px) 100vw, 407px\" \/><\/div>\n\t\t<\/a>\n\t\t\t\t<div class=\"elementor-post__text\">\n\t\t\t\t<h3 class=\"elementor-post__title\">\n\t\t\t<a href=\"https:\/\/chrislet.de\/hochzeitsfotograf\/hochzeit-in-rapperswil-am-zuerichsee\/\" >\n\t\t\t\tHochzeit in Rapperswil am Z\u00fcrichsee\t\t\t<\/a>\n\t\t<\/h3>\n\t\t\t\t<\/div>\n\t\t\t\t<\/article>\n\t\t\t\t<article class=\"elementor-post elementor-grid-item post-34983 post type-post status-publish format-standard has-post-thumbnail hentry category-reportagen category-archiv\" role=\"listitem\">\n\t\t\t\t<a class=\"elementor-post__thumbnail__link\" href=\"https:\/\/chrislet.de\/hochzeitsfotograf\/hochzeit-blumeninsel-mainau\/\" tabindex=\"-1\" >\n\t\t\t<div class=\"elementor-post__thumbnail\"><img loading=\"lazy\" decoding=\"async\" width=\"407\" height=\"271\" src=\"https:\/\/chrislet.de\/hochzeitsfotograf\/wp-content\/uploads\/2016\/07\/Hochzeitsfotograf-Konstanz-Insel-Mainau-026-1657.jpg\" class=\"attachment-thumbnail size-thumbnail wp-image-34979\" alt=\"\" title=\"\" srcset=\"https:\/\/chrislet.de\/hochzeitsfotograf\/wp-content\/uploads\/2016\/07\/Hochzeitsfotograf-Konstanz-Insel-Mainau-026-1657.jpg 1350w, https:\/\/chrislet.de\/hochzeitsfotograf\/wp-content\/uploads\/2016\/07\/Hochzeitsfotograf-Konstanz-Insel-Mainau-026-1657-768x512.jpg 768w\" sizes=\"(max-width: 407px) 100vw, 407px\" \/><\/div>\n\t\t<\/a>\n\t\t\t\t<div class=\"elementor-post__text\">\n\t\t\t\t<h3 class=\"elementor-post__title\">\n\t\t\t<a href=\"https:\/\/chrislet.de\/hochzeitsfotograf\/hochzeit-blumeninsel-mainau\/\" >\n\t\t\t\tHochzeit auf der Blumeninsel Mainau\t\t\t<\/a>\n\t\t<\/h3>\n\t\t\t\t<\/div>\n\t\t\t\t<\/article>\n\t\t\t\t<article class=\"elementor-post elementor-grid-item post-34576 post type-post status-publish format-standard has-post-thumbnail hentry category-reportagen category-archiv tag-regen\" role=\"listitem\">\n\t\t\t\t<a class=\"elementor-post__thumbnail__link\" href=\"https:\/\/chrislet.de\/hochzeitsfotograf\/lokremise-st-gallen\/\" tabindex=\"-1\" >\n\t\t\t<div class=\"elementor-post__thumbnail\"><img loading=\"lazy\" decoding=\"async\" width=\"407\" height=\"271\" src=\"https:\/\/chrislet.de\/hochzeitsfotograf\/wp-content\/uploads\/2015\/11\/Hochzeitsfotos_St.Gallen-003-0546.jpg\" class=\"attachment-thumbnail size-thumbnail wp-image-34579\" alt=\"\" title=\"\"><\/div>\n\t\t<\/a>\n\t\t\t\t<div class=\"elementor-post__text\">\n\t\t\t\t<h3 class=\"elementor-post__title\">\n\t\t\t<a href=\"https:\/\/chrislet.de\/hochzeitsfotograf\/lokremise-st-gallen\/\" >\n\t\t\t\tHochzeit in St. Gallen in der Lokremise\t\t\t<\/a>\n\t\t<\/h3>\n\t\t\t\t<\/div>\n\t\t\t\t<\/article>\n\t\t\t\t<article class=\"elementor-post elementor-grid-item post-34157 post type-post status-publish format-standard has-post-thumbnail hentry category-reportagen category-archiv\" role=\"listitem\">\n\t\t\t\t<a class=\"elementor-post__thumbnail__link\" href=\"https:\/\/chrislet.de\/hochzeitsfotograf\/eine-hochzeit-auf-dem-land\/\" tabindex=\"-1\" >\n\t\t\t<div class=\"elementor-post__thumbnail\"><img loading=\"lazy\" decoding=\"async\" width=\"407\" height=\"271\" src=\"https:\/\/chrislet.de\/hochzeitsfotograf\/wp-content\/uploads\/2015\/02\/Hochzeit-Hirzel-38-0100.jpg\" class=\"attachment-thumbnail size-thumbnail wp-image-34196\" alt=\"\" title=\"\"><\/div>\n\t\t<\/a>\n\t\t\t\t<div class=\"elementor-post__text\">\n\t\t\t\t<h3 class=\"elementor-post__title\">\n\t\t\t<a href=\"https:\/\/chrislet.de\/hochzeitsfotograf\/eine-hochzeit-auf-dem-land\/\" >\n\t\t\t\tEine Hochzeit auf dem Land\t\t\t<\/a>\n\t\t<\/h3>\n\t\t\t\t<\/div>\n\t\t\t\t<\/article>\n\t\t\t\t<article class=\"elementor-post elementor-grid-item post-34601 post type-post status-publish format-standard has-post-thumbnail hentry category-reportagen category-archiv\" role=\"listitem\">\n\t\t\t\t<a class=\"elementor-post__thumbnail__link\" href=\"https:\/\/chrislet.de\/hochzeitsfotograf\/hochzeit-schenkenberger-hof-engen\/\" tabindex=\"-1\" >\n\t\t\t<div class=\"elementor-post__thumbnail\"><img loading=\"lazy\" decoding=\"async\" width=\"407\" height=\"271\" src=\"https:\/\/chrislet.de\/hochzeitsfotograf\/wp-content\/uploads\/2015\/11\/Hochzeitsfotos_Tuttlingen-022-3546.jpg\" class=\"attachment-thumbnail size-thumbnail wp-image-34624\" alt=\"\" title=\"\"><\/div>\n\t\t<\/a>\n\t\t\t\t<div class=\"elementor-post__text\">\n\t\t\t\t<h3 class=\"elementor-post__title\">\n\t\t\t<a href=\"https:\/\/chrislet.de\/hochzeitsfotograf\/hochzeit-schenkenberger-hof-engen\/\" >\n\t\t\t\tHochzeit im Schenkenberger Hof bei Engen\t\t\t<\/a>\n\t\t<\/h3>\n\t\t\t\t<\/div>\n\t\t\t\t<\/article>\n\t\t\t\t<article class=\"elementor-post elementor-grid-item post-34633 post type-post status-publish format-standard has-post-thumbnail hentry category-reportagen category-archiv\" role=\"listitem\">\n\t\t\t\t<a class=\"elementor-post__thumbnail__link\" href=\"https:\/\/chrislet.de\/hochzeitsfotograf\/hochzeitsfotograf-schloss-wellenberg-frauenfeld\/\" tabindex=\"-1\" >\n\t\t\t<div class=\"elementor-post__thumbnail\"><img loading=\"lazy\" decoding=\"async\" width=\"407\" height=\"271\" src=\"https:\/\/chrislet.de\/hochzeitsfotograf\/wp-content\/uploads\/2015\/11\/Hochzeitsfotos_Frauenfeld-001-8429.jpg\" class=\"attachment-thumbnail size-thumbnail wp-image-34653\" alt=\"\" title=\"\"><\/div>\n\t\t<\/a>\n\t\t\t\t<div class=\"elementor-post__text\">\n\t\t\t\t<h3 class=\"elementor-post__title\">\n\t\t\t<a href=\"https:\/\/chrislet.de\/hochzeitsfotograf\/hochzeitsfotograf-schloss-wellenberg-frauenfeld\/\" >\n\t\t\t\tHochzeitsfotos auf Schloss Wellenberg bei Frauenfeld\t\t\t<\/a>\n\t\t<\/h3>\n\t\t\t\t<\/div>\n\t\t\t\t<\/article>\n\t\t\t\t<article class=\"elementor-post elementor-grid-item post-33361 post type-post status-publish format-standard has-post-thumbnail hentry category-reportagen category-archiv\" role=\"listitem\">\n\t\t\t\t<a class=\"elementor-post__thumbnail__link\" href=\"https:\/\/chrislet.de\/hochzeitsfotograf\/hochzeit-mj\/\" tabindex=\"-1\" >\n\t\t\t<div class=\"elementor-post__thumbnail\"><img loading=\"lazy\" decoding=\"async\" width=\"407\" height=\"271\" src=\"https:\/\/chrislet.de\/hochzeitsfotograf\/wp-content\/uploads\/2014\/12\/Hochzeit-M-J-067-4916.jpg\" class=\"attachment-thumbnail size-thumbnail wp-image-33857\" alt=\"\" title=\"\"><\/div>\n\t\t<\/a>\n\t\t\t\t<div class=\"elementor-post__text\">\n\t\t\t\t<h3 class=\"elementor-post__title\">\n\t\t\t<a href=\"https:\/\/chrislet.de\/hochzeitsfotograf\/hochzeit-mj\/\" >\n\t\t\t\tHochzeit M+J\t\t\t<\/a>\n\t\t<\/h3>\n\t\t\t\t<\/div>\n\t\t\t\t<\/article>\n\t\t\t\t<article class=\"elementor-post elementor-grid-item post-34332 post type-post status-publish format-standard has-post-thumbnail hentry category-reportagen category-archiv tag-stein-am-rhein\" role=\"listitem\">\n\t\t\t\t<a class=\"elementor-post__thumbnail__link\" href=\"https:\/\/chrislet.de\/hochzeitsfotograf\/hochzeitsfotograf-hohenklingen-stein-rhein\/\" tabindex=\"-1\" >\n\t\t\t<div class=\"elementor-post__thumbnail\"><img loading=\"lazy\" decoding=\"async\" width=\"407\" height=\"271\" src=\"https:\/\/chrislet.de\/hochzeitsfotograf\/wp-content\/smush-webp\/2015\/02\/Hochzeitsfotos-Hohenklingen-65-9510.jpg.webp\" class=\"attachment-thumbnail size-thumbnail wp-image-34367\" alt=\"Hochzeitsfotos Hohenklingen bei Stein am Rhein\" title=\"\"><\/div>\n\t\t<\/a>\n\t\t\t\t<div class=\"elementor-post__text\">\n\t\t\t\t<h3 class=\"elementor-post__title\">\n\t\t\t<a href=\"https:\/\/chrislet.de\/hochzeitsfotograf\/hochzeitsfotograf-hohenklingen-stein-rhein\/\" >\n\t\t\t\tHochzeitsfotos auf Hohenklingen bei Stein am Rhein\t\t\t<\/a>\n\t\t<\/h3>\n\t\t\t\t<\/div>\n\t\t\t\t<\/article>\n\t\t\t\t<\/div>\n\t\t\n\t\t\t\t\t\t<\/div>\n\t\t\t\t<\/div>\n\t\t\t\t<div class=\"elementor-element elementor-element-f70ddae elementor-widget-divider--view-line_text elementor-widget-divider--element-align-left elementor-widget-tablet__width-inherit elementor-widget__width-inherit elementor-widget elementor-widget-divider\" data-id=\"f70ddae\" data-element_type=\"widget\" data-widget_type=\"divider.default\">\n\t\t\t\t<div class=\"elementor-widget-container\">\n\t\t\t\t\t\t\t<div class=\"elementor-divider\">\n\t\t\t<span class=\"elementor-divider-separator\">\n\t\t\t\t\t\t\t<h2 class=\"elementor-divider__text elementor-divider__element\">\n\t\t\t\tWeitere <b>Hochzeitslocations<\/b>\t\t\t\t<\/h2>\n\t\t\t\t\t\t<\/span>\n\t\t<\/div>\n\t\t\t\t\t\t<\/div>\n\t\t\t\t<\/div>\n\t\t\t\t<div class=\"elementor-element elementor-element-48a30c3 elementor-widget__width-initial elementor-widget elementor-widget-wp-widget-tag_cloud\" data-id=\"48a30c3\" data-element_type=\"widget\" data-widget_type=\"wp-widget-tag_cloud.default\">\n\t\t\t\t<div class=\"elementor-widget-container\">\n\t\t\t\t\t<h5>Schlagw\u00f6rter<\/h5><nav aria-label=\"Schlagw\u00f6rter\"><div class=\"tagcloud\"><a href=\"https:\/\/chrislet.de\/hochzeitsfotograf\/tag\/bodensee\/\" class=\"tag-cloud-link tag-link-13 tag-link-position-1\" style=\"font-size: 19px;\" aria-label=\"Bodensee (10\u00a0Eintr\u00e4ge)\">Bodensee<\/a>\n<a href=\"https:\/\/chrislet.de\/hochzeitsfotograf\/tag\/boho-hochzeit\/\" class=\"tag-cloud-link tag-link-259 tag-link-position-2\" style=\"font-size: 14px;\" aria-label=\"Boho Hochzeit (1\u00a0Eintrag)\">Boho Hochzeit<\/a>\n<a href=\"https:\/\/chrislet.de\/hochzeitsfotograf\/tag\/freie-trauung\/\" class=\"tag-cloud-link tag-link-266 tag-link-position-3\" style=\"font-size: 18.391891891892px;\" aria-label=\"freie Trauung (8\u00a0Eintr\u00e4ge)\">freie Trauung<\/a>\n<a href=\"https:\/\/chrislet.de\/hochzeitsfotograf\/tag\/griechenland\/\" class=\"tag-cloud-link tag-link-275 tag-link-position-4\" style=\"font-size: 14px;\" aria-label=\"Griechenland (1\u00a0Eintrag)\">Griechenland<\/a>\n<a href=\"https:\/\/chrislet.de\/hochzeitsfotograf\/tag\/herbst-hochzeit\/\" class=\"tag-cloud-link tag-link-272 tag-link-position-5\" style=\"font-size: 15.216216216216px;\" aria-label=\"Herbst Hochzeit (2\u00a0Eintr\u00e4ge)\">Herbst Hochzeit<\/a>\n<a href=\"https:\/\/chrislet.de\/hochzeitsfotograf\/tag\/hochzeit-auf-dem-land\/\" class=\"tag-cloud-link tag-link-168 tag-link-position-6\" style=\"font-size: 14px;\" aria-label=\"Hochzeit auf dem Land (1\u00a0Eintrag)\">Hochzeit auf dem Land<\/a>\n<a href=\"https:\/\/chrislet.de\/hochzeitsfotograf\/tag\/hochzeit-auf-dem-weingut\/\" class=\"tag-cloud-link tag-link-262 tag-link-position-7\" style=\"font-size: 14px;\" aria-label=\"Hochzeit auf dem Weingut (1\u00a0Eintrag)\">Hochzeit auf dem Weingut<\/a>\n<a href=\"https:\/\/chrislet.de\/hochzeitsfotograf\/tag\/hochzeit-schlossern-burgen\/\" class=\"tag-cloud-link tag-link-263 tag-link-position-8\" style=\"font-size: 17.243243243243px;\" aria-label=\"Hochzeit auf Schlossern &amp; Burgen (5\u00a0Eintr\u00e4ge)\">Hochzeit auf Schlossern &amp; Burgen<\/a>\n<a href=\"https:\/\/chrislet.de\/hochzeitsfotograf\/tag\/hochzeit-in-der-villa\/\" class=\"tag-cloud-link tag-link-270 tag-link-position-9\" style=\"font-size: 14px;\" aria-label=\"Hochzeit in der Villa (1\u00a0Eintrag)\">Hochzeit in der Villa<\/a>\n<a href=\"https:\/\/chrislet.de\/hochzeitsfotograf\/tag\/kirchliche-trauung\/\" class=\"tag-cloud-link tag-link-265 tag-link-position-10\" style=\"font-size: 16.027027027027px;\" aria-label=\"kirchliche Trauung (3\u00a0Eintr\u00e4ge)\">kirchliche Trauung<\/a>\n<a href=\"https:\/\/chrislet.de\/hochzeitsfotograf\/tag\/regen\/\" class=\"tag-cloud-link tag-link-189 tag-link-position-11\" style=\"font-size: 17.243243243243px;\" aria-label=\"Regen (5\u00a0Eintr\u00e4ge)\">Regen<\/a>\n<a href=\"https:\/\/chrislet.de\/hochzeitsfotograf\/tag\/scheunenhochzeit\/\" class=\"tag-cloud-link tag-link-261 tag-link-position-12\" style=\"font-size: 14px;\" aria-label=\"Scheunenhochzeit (1\u00a0Eintrag)\">Scheunenhochzeit<\/a>\n<a href=\"https:\/\/chrislet.de\/hochzeitsfotograf\/tag\/schifffahrt\/\" class=\"tag-cloud-link tag-link-267 tag-link-position-13\" style=\"font-size: 14px;\" aria-label=\"Schifffahrtsfeier mit Schifffahrt (1\u00a0Eintrag)\">Schifffahrtsfeier mit Schifffahrt<\/a>\n<a href=\"https:\/\/chrislet.de\/hochzeitsfotograf\/tag\/standesamtliche-trauung\/\" class=\"tag-cloud-link tag-link-269 tag-link-position-14\" style=\"font-size: 17.716216216216px;\" aria-label=\"standesamtliche Trauung (6\u00a0Eintr\u00e4ge)\">standesamtliche Trauung<\/a>\n<a href=\"https:\/\/chrislet.de\/hochzeitsfotograf\/tag\/stein-am-rhein\/\" class=\"tag-cloud-link tag-link-180 tag-link-position-15\" style=\"font-size: 15.216216216216px;\" aria-label=\"Stein am Rhein (2\u00a0Eintr\u00e4ge)\">Stein am Rhein<\/a>\n<a href=\"https:\/\/chrislet.de\/hochzeitsfotograf\/tag\/zuerichsee\/\" class=\"tag-cloud-link tag-link-268 tag-link-position-16\" style=\"font-size: 15.216216216216px;\" aria-label=\"Z\u00fcrichsee (2\u00a0Eintr\u00e4ge)\">Z\u00fcrichsee<\/a><\/div>\n<\/nav>\t\t\t\t<\/div>\n\t\t\t\t<\/div>\n\t\t\t\t<div class=\"elementor-element elementor-element-a49c500 elementor-widget__width-initial elementor-widget elementor-widget-wp-widget-categories\" data-id=\"a49c500\" data-element_type=\"widget\" data-widget_type=\"wp-widget-categories.default\">\n\t\t\t\t<div class=\"elementor-widget-container\">\n\t\t\t\t\t<h5>Kategorien<\/h5><nav aria-label=\"Kategorien\">\n\t\t\t<ul>\n\t\t\t\t\t<li class=\"cat-item cat-item-222\"><a href=\"https:\/\/chrislet.de\/hochzeitsfotograf\/archiv\/\">Archiv<\/a> (16)\n<\/li>\n\t<li class=\"cat-item cat-item-214\"><a href=\"https:\/\/chrislet.de\/hochzeitsfotograf\/brautpaarshooting\/\">Brautpaarshooting<\/a> (6)\n<\/li>\n\t<li class=\"cat-item cat-item-254\"><a href=\"https:\/\/chrislet.de\/hochzeitsfotograf\/hochzeitslocation-deutschland\/\">Hochzeitslocation Deutschland<\/a> (8)\n<\/li>\n\t<li class=\"cat-item cat-item-253\"><a href=\"https:\/\/chrislet.de\/hochzeitsfotograf\/hochzeitslocations-ch\/\">Hochzeitslocations Schweiz<\/a> (9)\n<\/li>\n\t<li class=\"cat-item cat-item-232\"><a href=\"https:\/\/chrislet.de\/hochzeitsfotograf\/hochzeitsvideo\/\">Hochzeitsvideo<\/a> (2)\n<\/li>\n\t<li class=\"cat-item cat-item-255\"><a href=\"https:\/\/chrislet.de\/hochzeitsfotograf\/korsika\/\">Korsika<\/a> (4)\n<\/li>\n\t<li class=\"cat-item cat-item-225\"><a href=\"https:\/\/chrislet.de\/hochzeitsfotograf\/locations\/\">Orte<\/a> (8)\n<\/li>\n\t<li class=\"cat-item cat-item-220\"><a href=\"https:\/\/chrislet.de\/hochzeitsfotograf\/paarshooting\/\">Paarshooting<\/a> (7)\n<\/li>\n\t<li class=\"cat-item cat-item-1\"><a href=\"https:\/\/chrislet.de\/hochzeitsfotograf\/reportagen\/\">Reportagen<\/a> (26)\n<\/li>\n\t<li class=\"cat-item cat-item-235\"><a href=\"https:\/\/chrislet.de\/hochzeitsfotograf\/tipps-zur-hochzeitsplanung\/\">Tipps zur Hochzeitsplanung<\/a> (7)\n<\/li>\n\t\t\t<\/ul>\n\n\t\t\t<\/nav>\t\t\t\t<\/div>\n\t\t\t\t<\/div>\n\t\t\t\t\t<\/div>\n\t\t\t\t<\/div>\n\t\t<div class=\"elementor-element elementor-element-77fa749 e-flex e-con-boxed e-con e-parent\" data-id=\"77fa749\" data-element_type=\"container\">\n\t\t\t\t\t<div class=\"e-con-inner\">\n\t\t\t\t\t<\/div>\n\t\t\t\t<\/div>\n\t\t<div class=\"elementor-element elementor-element-f88da7f e-flex e-con-boxed e-con e-parent\" data-id=\"f88da7f\" data-element_type=\"container\">\n\t\t\t\t\t<div class=\"e-con-inner\">\n\t\t\t\t\t<\/div>\n\t\t\t\t<\/div>\n\t\t\t\t<\/div>\n\t\t","protected":false},"excerpt":{"rendered":"<p>Hier bin ich als Hochzeitsfotograf T\u00e4tig Als leidenschaftlicher Hochzeitsfotograf f\u00fchle ich mich in meiner Heimat im Gro\u00dfraum Bodensee genauso wohl wie zwischen Z\u00fcrich und Stuttgart.<\/p>\n","protected":false},"author":5,"featured_media":46986,"parent":0,"menu_order":0,"comment_status":"closed","ping_status":"closed","template":"","meta":{"_acf_changed":false,"site-sidebar-layout":"no-sidebar","site-content-layout":"page-builder","ast-site-content-layout":"full-width-container","site-content-style":"default","site-sidebar-style":"default","ast-global-header-display":"","ast-banner-title-visibility":"","ast-main-header-display":"","ast-hfb-above-header-display":"","ast-hfb-below-header-display":"","ast-hfb-mobile-header-display":"","site-post-title":"disabled","ast-breadcrumbs-content":"","ast-featured-img":"disabled","footer-sml-layout":"","theme-transparent-header-meta":"default","adv-header-id-meta":"","stick-header-meta":"","header-above-stick-meta":"","header-main-stick-meta":"","header-below-stick-meta":"","astra-migrate-meta-layouts":"set","ast-page-background-enabled":"default","ast-page-background-meta":{"desktop":{"background-color":"","background-image":"","background-repeat":"repeat","background-position":"center center","background-size":"auto","background-attachment":"scroll","background-type":"","background-media":"","overlay-type":"","overlay-color":"","overlay-opacity":"","overlay-gradient":""},"tablet":{"background-color":"","background-image":"","background-repeat":"repeat","background-position":"center center","background-size":"auto","background-attachment":"scroll","background-type":"","background-media":"","overlay-type":"","overlay-color":"","overlay-opacity":"","overlay-gradient":""},"mobile":{"background-color":"","background-image":"","background-repeat":"repeat","background-position":"center center","background-size":"auto","background-attachment":"scroll","background-type":"","background-media":"","overlay-type":"","overlay-color":"","overlay-opacity":"","overlay-gradient":""}},"ast-content-background-meta":{"desktop":{"background-color":"var(--ast-global-color-5)","background-image":"","background-repeat":"repeat","background-position":"center center","background-size":"auto","background-attachment":"scroll","background-type":"","background-media":"","overlay-type":"","overlay-color":"","overlay-opacity":"","overlay-gradient":""},"tablet":{"background-color":"var(--ast-global-color-5)","background-image":"","background-repeat":"repeat","background-position":"center center","background-size":"auto","background-attachment":"scroll","background-type":"","background-media":"","overlay-type":"","overlay-color":"","overlay-opacity":"","overlay-gradient":""},"mobile":{"background-color":"var(--ast-global-color-5)","background-image":"","background-repeat":"repeat","background-position":"center center","background-size":"auto","background-attachment":"scroll","background-type":"","background-media":"","overlay-type":"","overlay-color":"","overlay-opacity":"","overlay-gradient":""}},"iawp_total_views":83,"footnotes":""},"class_list":["post-45047","page","type-page","status-publish","has-post-thumbnail","hentry"],"acf":[],"_links":{"self":[{"href":"https:\/\/chrislet.de\/hochzeitsfotograf\/wp-json\/wp\/v2\/pages\/45047","targetHints":{"allow":["GET"]}}],"collection":[{"href":"https:\/\/chrislet.de\/hochzeitsfotograf\/wp-json\/wp\/v2\/pages"}],"about":[{"href":"https:\/\/chrislet.de\/hochzeitsfotograf\/wp-json\/wp\/v2\/types\/page"}],"author":[{"embeddable":true,"href":"https:\/\/chrislet.de\/hochzeitsfotograf\/wp-json\/wp\/v2\/users\/5"}],"replies":[{"embeddable":true,"href":"https:\/\/chrislet.de\/hochzeitsfotograf\/wp-json\/wp\/v2\/comments?post=45047"}],"version-history":[{"count":0,"href":"https:\/\/chrislet.de\/hochzeitsfotograf\/wp-json\/wp\/v2\/pages\/45047\/revisions"}],"wp:featuredmedia":[{"embeddable":true,"href":"https:\/\/chrislet.de\/hochzeitsfotograf\/wp-json\/wp\/v2\/media\/46986"}],"wp:attachment":[{"href":"https:\/\/chrislet.de\/hochzeitsfotograf\/wp-json\/wp\/v2\/media?parent=45047"}],"curies":[{"name":"wp","href":"https:\/\/api.w.org\/{rel}","templated":true}]}}